{"id":4808,"date":"2018-10-18T15:11:56","date_gmt":"2018-10-18T15:11:56","guid":{"rendered":"https:\/\/www.kayakingcostabrava.com\/?page_id=4808"},"modified":"2019-02-12T10:53:47","modified_gmt":"2019-02-12T10:53:47","slug":"kayak-et-randonnees","status":"publish","type":"page","link":"https:\/\/kayakingcostabrava.com\/fr\/activites\/programme-pour-entreprises\/kayak-et-randonnees\/","title":{"rendered":"Kayak et randonn\u00e9es"},"content":{"rendered":"<p>[et_pb_section bb_built=\u00a0\u00bb1&Prime; fullwidth=\u00a0\u00bbon\u00a0\u00bb specialty=\u00a0\u00bboff\u00a0\u00bb transparent_background=\u00a0\u00bboff\u00a0\u00bb allow_player_pause=\u00a0\u00bboff\u00a0\u00bb inner_shadow=\u00a0\u00bboff\u00a0\u00bb parallax=\u00a0\u00bboff\u00a0\u00bb parallax_method=\u00a0\u00bboff\u00a0\u00bb padding_mobile=\u00a0\u00bboff\u00a0\u00bb make_fullwidth=\u00a0\u00bboff\u00a0\u00bb use_custom_width=\u00a0\u00bboff\u00a0\u00bb width_unit=\u00a0\u00bbon\u00a0\u00bb make_equal=\u00a0\u00bboff\u00a0\u00bb use_custom_gutter=\u00a0\u00bboff\u00a0\u00bb module_class=\u00a0\u00bbheader_page\u00a0\u00bb custom_padding_tablet=\u00a0\u00bb50px|0|50px|0&Prime; custom_padding_last_edited=\u00a0\u00bbon|desktop\u00a0\u00bb next_background_color=\u00a0\u00bb#69cbc6&Prime; prev_background_color=\u00a0\u00bb#000000&Prime;][et_pb_fullwidth_header admin_label=\u00a0\u00bbT\u00edtulo cabecera\u00a0\u00bb title=\u00a0\u00bbProgramme pour entreprises\u00a0\u00bb background_layout=\u00a0\u00bblight\u00a0\u00bb subhead=\u00a0\u00bbActivit\u00e9s\u00a0\u00bb background_color=\u00a0\u00bbrgba(255, 255, 255, 0)\u00a0\u00bb _builder_version=\u00a0\u00bb3.6&Prime; title_font_size=\u00a0\u00bb80px\u00a0\u00bb \/][\/et_pb_section][et_pb_section bb_built=\u00a0\u00bb1&Prime; admin_label=\u00a0\u00bbsection\u00a0\u00bb transparent_background=\u00a0\u00bboff\u00a0\u00bb background_color=\u00a0\u00bb#69cbc6&Prime; allow_player_pause=\u00a0\u00bboff\u00a0\u00bb inner_shadow=\u00a0\u00bboff\u00a0\u00bb parallax=\u00a0\u00bboff\u00a0\u00bb parallax_method=\u00a0\u00bboff\u00a0\u00bb padding_mobile=\u00a0\u00bboff\u00a0\u00bb make_fullwidth=\u00a0\u00bboff\u00a0\u00bb use_custom_width=\u00a0\u00bboff\u00a0\u00bb width_unit=\u00a0\u00bbon\u00a0\u00bb make_equal=\u00a0\u00bboff\u00a0\u00bb use_custom_gutter=\u00a0\u00bboff\u00a0\u00bb module_class=\u00a0\u00bbsub_header_01&Prime; custom_padding_tablet=\u00a0\u00bb50px|0|50px|0&Prime; custom_padding_last_edited=\u00a0\u00bbon|desktop\u00a0\u00bb prev_background_color=\u00a0\u00bb#ffffff\u00a0\u00bb next_background_color=\u00a0\u00bb#fffcdb\u00a0\u00bb][et_pb_row admin_label=\u00a0\u00bbrow\u00a0\u00bb background_position=\u00a0\u00bbtop_left\u00a0\u00bb background_repeat=\u00a0\u00bbrepeat\u00a0\u00bb background_size=\u00a0\u00bbinitial\u00a0\u00bb][et_pb_column type=\u00a0\u00bb4_4&Prime;][et_pb_text admin_label=\u00a0\u00bbIntroducci\u00f3n\u00a0\u00bb use_border_color=\u00a0\u00bboff\u00a0\u00bb border_color=\u00a0\u00bb#ffffff\u00a0\u00bb border_style=\u00a0\u00bbsolid\u00a0\u00bb background_position=\u00a0\u00bbtop_left\u00a0\u00bb background_repeat=\u00a0\u00bbrepeat\u00a0\u00bb background_size=\u00a0\u00bbinitial\u00a0\u00bb _builder_version=\u00a0\u00bb3.6&Prime;]<\/p>\n<p>\u00c0 <strong>Kayaking Costa Brava, <\/strong>nous proposons des exp\u00e9riences aux entreprises ax\u00e9es sur les objectifs et les r\u00e9sultats adapt\u00e9s \u00e0 chaque client. Le kayak de mer est une activit\u00e9 id\u00e9ale pour favoriser les relations personnelles et le travail d&rsquo;\u00e9quipe, dans une ambiance d\u00e9tendue, en contact permanent avec la mer et la nature.<\/p>\n<p>[\/et_pb_text][\/et_pb_column][\/et_pb_row][\/et_pb_section][et_pb_section bb_built=\u00a0\u00bb1&Prime; fullwidth=\u00a0\u00bboff\u00a0\u00bb specialty=\u00a0\u00bboff\u00a0\u00bb transparent_background=\u00a0\u00bboff\u00a0\u00bb background_color=\u00a0\u00bb#fffcdb\u00a0\u00bb allow_player_pause=\u00a0\u00bboff\u00a0\u00bb inner_shadow=\u00a0\u00bboff\u00a0\u00bb parallax=\u00a0\u00bboff\u00a0\u00bb parallax_method=\u00a0\u00bboff\u00a0\u00bb padding_mobile=\u00a0\u00bboff\u00a0\u00bb make_fullwidth=\u00a0\u00bboff\u00a0\u00bb use_custom_width=\u00a0\u00bboff\u00a0\u00bb width_unit=\u00a0\u00bbon\u00a0\u00bb make_equal=\u00a0\u00bboff\u00a0\u00bb use_custom_gutter=\u00a0\u00bboff\u00a0\u00bb module_class=\u00a0\u00bbbox_ficha\u00a0\u00bb custom_padding_tablet=\u00a0\u00bb50px|0|50px|0&Prime; custom_padding_last_edited=\u00a0\u00bbon|desktop\u00a0\u00bb prev_background_color=\u00a0\u00bb#69cbc6&Prime;][et_pb_row background_position=\u00a0\u00bbtop_left\u00a0\u00bb background_repeat=\u00a0\u00bbrepeat\u00a0\u00bb background_size=\u00a0\u00bbinitial\u00a0\u00bb][et_pb_column type=\u00a0\u00bb3_4&Prime;][et_pb_text admin_label=\u00a0\u00bbT\u00edtulo\u00a0\u00bb use_border_color=\u00a0\u00bboff\u00a0\u00bb border_color=\u00a0\u00bb#ffffff\u00a0\u00bb border_style=\u00a0\u00bbsolid\u00a0\u00bb background_position=\u00a0\u00bbtop_left\u00a0\u00bb background_repeat=\u00a0\u00bbrepeat\u00a0\u00bb background_size=\u00a0\u00bbinitial\u00a0\u00bb _builder_version=\u00a0\u00bb3.6&Prime;]<\/p>\n<h2>Kayak et randonn\u00e9es<\/h2>\n<p>[\/et_pb_text][et_pb_image _builder_version=\u00a0\u00bb3.6&Prime; src=\u00a0\u00bbhttps:\/\/www.kayakingcostabrava.com\/wp-content\/uploads\/2016\/04\/principal_caiac_senderisme.jpg\u00a0\u00bb \/][et_pb_accordion use_border_color=\u00a0\u00bboff\u00a0\u00bb border_color=\u00a0\u00bb#ffffff\u00a0\u00bb border_style=\u00a0\u00bbsolid\u00a0\u00bb _builder_version=\u00a0\u00bb3.6&Prime;][et_pb_accordion_item title=\u00a0\u00bbInformation\u00a0\u00bb _builder_version=\u00a0\u00bb3.6&Prime; use_background_color_gradient=\u00a0\u00bboff\u00a0\u00bb background_color_gradient_start=\u00a0\u00bb#2b87da\u00a0\u00bb background_color_gradient_end=\u00a0\u00bb#29c4a9&Prime; background_color_gradient_type=\u00a0\u00bblinear\u00a0\u00bb background_color_gradient_direction=\u00a0\u00bb180deg\u00a0\u00bb background_color_gradient_direction_radial=\u00a0\u00bbcenter\u00a0\u00bb background_color_gradient_start_position=\u00a0\u00bb0%\u00a0\u00bb background_color_gradient_end_position=\u00a0\u00bb100%\u00a0\u00bb background_color_gradient_overlays_image=\u00a0\u00bboff\u00a0\u00bb parallax=\u00a0\u00bboff\u00a0\u00bb parallax_method=\u00a0\u00bbon\u00a0\u00bb background_size=\u00a0\u00bbcover\u00a0\u00bb background_position=\u00a0\u00bbcenter\u00a0\u00bb background_repeat=\u00a0\u00bbno-repeat\u00a0\u00bb background_blend=\u00a0\u00bbnormal\u00a0\u00bb allow_player_pause=\u00a0\u00bboff\u00a0\u00bb background_video_pause_outside_viewport=\u00a0\u00bbon\u00a0\u00bb text_shadow_style=\u00a0\u00bbnone\u00a0\u00bb box_shadow_style=\u00a0\u00bbnone\u00a0\u00bb]<\/p>\n<p>Sortie combinant la randonn\u00e9e et le kayak pour d\u00e9couvrir les plus beaux lieux de l&rsquo;Emporda : vous profiterez de l&rsquo;aventure du kayak, visiterez des recoins impressionnants et d\u00e9couvrirez le chemin de ronde ponctu\u00e9 de surprises inattendues. Le plus beau de la r\u00e9serve naturelle de Castell \u2013 Cap Roig depuis la mer et la terre.<\/p>\n<h4>Description de l\u2019activit\u00e9<\/h4>\n<p><strong>Itin\u00e9raire :<\/strong> <strong>PLATJA CASTELL \u2013 CALA ROCABONA \u2013 PLATJA CASTELL<\/strong>. 2 groupes seront form\u00e9s \u00e0 la plage de Castell. Un groupe commencera par la promenade du chemin de ronde et l&rsquo;autre suivra la c\u00f4te en kayak. Nous nous retrouverons tous \u00e0 cala Rocabona et les groupes permuteront. Les parcours se termineront au m\u00eame point de d\u00e9part, sur la plage de Castell.<\/p>\n<p>Le circuit de randonn\u00e9e commence par le chemin de ronde, passe par les vestiges d&rsquo;un village ib\u00e9rique et la cabane de Dali, et termine au Cap de Planes o\u00f9 nous profiterons de la superbe vue sur les \u00eeles Formigues.<\/p>\n<p>Le circuit en kayak commence par la c\u00f4te de la r\u00e9serve naturelle de Castell-Cap Roig, passe par le tunnel rocheux de La Foradada et termine \u00e0 Cala Rocabona. (Si les conditions le permettent, nous pousserons la navigation jusqu&rsquo;\u00e0 la fameuse \u00ab\u00a0Baignoire de la russe\u00a0\u00bb).<\/p>\n<p>En fonction du nombre de participants et\/ou des pr\u00e9f\u00e9rences, nous r\u00e9aliserons cette activit\u00e9 avec des <strong>kayaks de travers\u00e9e <\/strong>(ferm\u00e9s) ou des <strong>kayaks auto videurs biplaces<\/strong> (ouverts). Veuillez consulter le centre pour conna\u00eetre le nombre minimum et maximum de participants pour chaque type de kayak. Nous vous proposerons un budget personnalis\u00e9 en fonction de vos demandes.<\/p>\n<p>Nous disposons d&rsquo;autres itin\u00e9raires pour r\u00e9aliser ce type d&rsquo;activit\u00e9 combin\u00e9e : depuis Tamaris ou les parcs naturels du Cap de Creus ou Montgr\u00ed et les \u00eeles Medes. Veuillez nous consulter pour conna\u00eetre les particularit\u00e9s de ces itin\u00e9raires.<\/p>\n<p>L&rsquo;activit\u00e9 n&rsquo;inclut pas le transport jusqu&rsquo;au point de d\u00e9part.<\/p>\n<p><strong>Dur\u00e9e : <\/strong>1 demi-journ\u00e9e.<br \/><strong>Niveau :<\/strong> Facile, s&rsquo;adresse \u00e0 tous.<\/p>\n<h4>Calendrier<\/h4>\n<p><strong>Avec des kayaks de travers\u00e9e : <\/strong> d&rsquo;avril \u00e0 octobre, sauf le mois d&rsquo;ao\u00fbt (entier), les jours f\u00e9ri\u00e9s et les week-ends de juin et juillet, selon la disponibilit\u00e9 du calendrier de r\u00e9servation, des guides et de l&rsquo;itin\u00e9raire.<\/p>\n<p><strong>Avec des kayaks auto videurs biplaces :<\/strong> mai, juin et septembre pendant la semaine, selon la disponibilit\u00e9 du calendrier de r\u00e9servation, des guides et de l&rsquo;itin\u00e9raire.<\/p>\n<p>[\/et_pb_accordion_item][et_pb_accordion_item title=\u00a0\u00bbFiche technique\u00a0\u00bb _builder_version=\u00a0\u00bb3.6&Prime; use_background_color_gradient=\u00a0\u00bboff\u00a0\u00bb background_color_gradient_start=\u00a0\u00bb#2b87da\u00a0\u00bb background_color_gradient_end=\u00a0\u00bb#29c4a9&Prime; background_color_gradient_type=\u00a0\u00bblinear\u00a0\u00bb background_color_gradient_direction=\u00a0\u00bb180deg\u00a0\u00bb background_color_gradient_direction_radial=\u00a0\u00bbcenter\u00a0\u00bb background_color_gradient_start_position=\u00a0\u00bb0%\u00a0\u00bb background_color_gradient_end_position=\u00a0\u00bb100%\u00a0\u00bb background_color_gradient_overlays_image=\u00a0\u00bboff\u00a0\u00bb parallax=\u00a0\u00bboff\u00a0\u00bb parallax_method=\u00a0\u00bbon\u00a0\u00bb background_size=\u00a0\u00bbcover\u00a0\u00bb background_position=\u00a0\u00bbcenter\u00a0\u00bb background_repeat=\u00a0\u00bbno-repeat\u00a0\u00bb background_blend=\u00a0\u00bbnormal\u00a0\u00bb allow_player_pause=\u00a0\u00bboff\u00a0\u00bb background_video_pause_outside_viewport=\u00a0\u00bbon\u00a0\u00bb text_shadow_style=\u00a0\u00bbnone\u00a0\u00bb box_shadow_style=\u00a0\u00bbnone\u00a0\u00bb]<\/p>\n<h4>L\u2019activit\u00e9 comprend:<\/h4>\n<ul>\n<li>Mat\u00e9riel technique: kayak, pagaie et gilet<\/li>\n<li>Guide\/moniteur<\/li>\n<li>Embarcation de s\u00e9curit\u00e9<\/li>\n<li>Assurance<\/li>\n<\/ul>\n<h4>Que faut-il apporter?<\/h4>\n<ul>\n<li>Maillot de bain ou shorts pouvant \u00eatre mouill\u00e9s<\/li>\n<li>Cr\u00e8me solaire et casquette<\/li>\n<li>T-shirt pouvant \u00eatre mouill\u00e9 (adapt\u00e9 \u00e0 la saison)<\/li>\n<li>Lunettes de soleil et cordon pour ne pas les perdre<\/li>\n<li>Chaussures ferm\u00e9es adapt\u00e9es aux activit\u00e9s aquatiques, tenant bien aux pieds et pouvant \u00eatre mouill\u00e9es (chaussures aquatiques ou vieilles chaussures de sport)<\/li>\n<li>Boisson pour s&rsquo;hydrater<\/li>\n<li>Encas (facultatif)<\/li>\n<\/ul>\n<p>[\/et_pb_accordion_item][et_pb_accordion_item title=\u00a0\u00bbConditions\u00a0\u00bb _builder_version=\u00a0\u00bb3.6&Prime; use_background_color_gradient=\u00a0\u00bboff\u00a0\u00bb background_color_gradient_start=\u00a0\u00bb#2b87da\u00a0\u00bb background_color_gradient_end=\u00a0\u00bb#29c4a9&Prime; background_color_gradient_type=\u00a0\u00bblinear\u00a0\u00bb background_color_gradient_direction=\u00a0\u00bb180deg\u00a0\u00bb background_color_gradient_direction_radial=\u00a0\u00bbcenter\u00a0\u00bb background_color_gradient_start_position=\u00a0\u00bb0%\u00a0\u00bb background_color_gradient_end_position=\u00a0\u00bb100%\u00a0\u00bb background_color_gradient_overlays_image=\u00a0\u00bboff\u00a0\u00bb parallax=\u00a0\u00bboff\u00a0\u00bb parallax_method=\u00a0\u00bbon\u00a0\u00bb background_size=\u00a0\u00bbcover\u00a0\u00bb background_position=\u00a0\u00bbcenter\u00a0\u00bb background_repeat=\u00a0\u00bbno-repeat\u00a0\u00bb background_blend=\u00a0\u00bbnormal\u00a0\u00bb allow_player_pause=\u00a0\u00bboff\u00a0\u00bb background_video_pause_outside_viewport=\u00a0\u00bbon\u00a0\u00bb text_shadow_style=\u00a0\u00bbnone\u00a0\u00bb box_shadow_style=\u00a0\u00bbnone\u00a0\u00bb]<\/p>\n<ul>\n<li>Il est indispensable de savoir nager.<\/li>\n<li>\u00c2ge minimum\u00a0: 13 ans ; taille minimum : 145 cm (pour les excursions en kayak de travers\u00e9e)<\/li>\n<li>Consulter au pr\u00e9alable Kayaking Costa Brava pour conna\u00eetre l&rsquo;\u00e2ge minimum pour les excursions en kayaks auto videurs.<\/li>\n<li>Poids maximum\u00a0: 120 kg et taille maximum\u00a0: 2 m (consulter le centre si le poids et\/ou la taille est \u00e9gal(e) ou sup\u00e9rieur(e) \u00e0 celui\/celle indiqu\u00e9(e)).<\/li>\n<li>Les mineurs doivent \u00eatre accompagn\u00e9s par une personne responsable.<\/li>\n<li>Informer au pr\u00e9alable Kayaking Costa Brava en cas de handicap, de dysfonctionnement ou de pathologie et\/ou de tout type d&rsquo;allergie ou de maladie \u00e0 prendre en compte lors de l&rsquo;activit\u00e9.<\/li>\n<li>Le port du gilet de sauvetage (fourni par Kayaking Costa Brava) est obligatoire pendant la s\u00e9ance.<\/li>\n<li>Le mat\u00e9riel personnel requis par Kayaking Costa Brava doit \u00eatre apport\u00e9.<\/li>\n<li>Suivre \u00e0 tout moment les instructions des techniciens\/moniteurs concernant le fonctionnement de l\u2019activit\u00e9 et l\u2019utilisation du mat\u00e9riel technique.<\/li>\n<li>Activit\u00e9 r\u00e9alisable sur r\u00e9servation uniquement. Pour confirmer une r\u00e9servation, le client devra payer un acompte ou 100% du montant total en fonction du nombre de participants et du type d\u2019activit\u00e9.<\/li>\n<li>Le d\u00e9placement jusqu\u2019au point de d\u00e9part est \u00e0 la charge du client.<\/li>\n<li>Nos activit\u00e9s sont soumises aux conditions m\u00e9t\u00e9orologiques et \u00e0 l&rsquo;\u00e9tat de la mer. Pour cette raison, des changements de derni\u00e8re minute sont possibles, tels que le changement du point de d\u00e9part de l\u2019activit\u00e9 ou l\u2019annulation totale de celle-ci. Kayaking Costa Brava communique toujours au client et le consulte quant \u00e0 la conformit\u00e9 de ces changements via un appel t\u00e9l\u00e9phonique, un email, un SMS ou un message vocal sur son t\u00e9l\u00e9phone portable, nous vous recommandons donc de v\u00e9rifier un jour avant l\u2019activit\u00e9 si vous avez re\u00e7u un message ou un email indiquant d\u2019\u00e9ventuelles modifications. Kayak Costa Brava n&rsquo;est pas responsable du d\u00e9placement inutile du client d\u00e9rivant de la d\u00e9sinformation de ces changements.<\/li>\n<\/ul>\n<p>Il est recommand\u00e9 de ne pas apporter d&rsquo;objets de valeur sur les plages (\u00e0 la fois pour le service de location et pour les excursions guid\u00e9es). Kayaking Costa Brava ne dispose pas de structure ad\u00e9quate pour garder le mat\u00e9riel personnel, il n&rsquo;est donc pas responsable des \u00e9ventuels pertes ou dommages du mat\u00e9riel gard\u00e9.<\/p>\n<p>[\/et_pb_accordion_item][et_pb_accordion_item title=\u00a0\u00bbContrat de l&rsquo;activit\u00e9 et Politique d&rsquo;annulation\u00a0\u00bb _builder_version=\u00a0\u00bb3.6&Prime; use_background_color_gradient=\u00a0\u00bboff\u00a0\u00bb background_color_gradient_start=\u00a0\u00bb#2b87da\u00a0\u00bb background_color_gradient_end=\u00a0\u00bb#29c4a9&Prime; background_color_gradient_type=\u00a0\u00bblinear\u00a0\u00bb background_color_gradient_direction=\u00a0\u00bb180deg\u00a0\u00bb background_color_gradient_direction_radial=\u00a0\u00bbcenter\u00a0\u00bb background_color_gradient_start_position=\u00a0\u00bb0%\u00a0\u00bb background_color_gradient_end_position=\u00a0\u00bb100%\u00a0\u00bb background_color_gradient_overlays_image=\u00a0\u00bboff\u00a0\u00bb parallax=\u00a0\u00bboff\u00a0\u00bb parallax_method=\u00a0\u00bbon\u00a0\u00bb background_size=\u00a0\u00bbcover\u00a0\u00bb background_position=\u00a0\u00bbcenter\u00a0\u00bb background_repeat=\u00a0\u00bbno-repeat\u00a0\u00bb background_blend=\u00a0\u00bbnormal\u00a0\u00bb allow_player_pause=\u00a0\u00bboff\u00a0\u00bb background_video_pause_outside_viewport=\u00a0\u00bbon\u00a0\u00bb text_shadow_style=\u00a0\u00bbnone\u00a0\u00bb box_shadow_style=\u00a0\u00bbnone\u00a0\u00bb text_shadow_horizontal_length=\u00a0\u00bb0em\u00a0\u00bb text_shadow_vertical_length=\u00a0\u00bb0em\u00a0\u00bb text_shadow_blur_strength=\u00a0\u00bb0em\u00a0\u00bb]<\/p>\n<p>Les tarifs sont indiqu\u00e9s par personne (sauf les tarifs personnalis\u00e9s pour les groupes) et TTC. Le prix comprend l&rsquo;\u00e9quipement technique et de s\u00e9curit\u00e9 n\u00e9cessaires : kayak, gilet, pagaie et casque (casque n\u00e9cessaire uniquement pour certaines sorties), deux guides certifi\u00e9s et une embarcation de s\u00e9curit\u00e9. Le recrutement de services externes (h\u00e9bergement, transport\u2026) est \u00e0 la charge du client, m\u00eame s\u2019ils peuvent parfois \u00eatre g\u00e9r\u00e9s par Kayaking Costa Brava.<\/p>\n<ol>\n<li>Sur r\u00e9servation uniquement.<\/li>\n<li>Au moment de la confirmation de la r\u00e9servation, le client devra payer un acompte ou 100% du montant total de l&rsquo;activit\u00e9, en fonction du nombre de participants et du type d&rsquo;excursion.<\/li>\n<li>Nos activit\u00e9s sont soumises aux conditions m\u00e9t\u00e9orologiques et \u00e0 l&rsquo;\u00e9tat de la mer. Pour cette raison, Kayaking Costa Brava peut \u00eatre contraint de modifier ou d\u2019annuler l\u2019activit\u00e9 le jour m\u00eame de celle-ci, auquel cas l&rsquo;activit\u00e9 sera report\u00e9e ou le montant pay\u00e9 sera rembours\u00e9.<\/li>\n<li>Si le client annule ou modifie la r\u00e9servation, les crit\u00e8res de p\u00e9nalit\u00e9 suivants s&rsquo;appliqueront :\n<ul>\n<li>Dix jours avant : p\u00e9nalisation de 25% du montant total de la r\u00e9servation<\/li>\n<li>De neuf \u00e0 quatre jours avant : p\u00e9nalisation de 50% du montant total de la r\u00e9servation<\/li>\n<li>Trois jours avant ou moins : p\u00e9nalisation de 100% du montant total de la r\u00e9servation<\/li>\n<\/ul>\n<\/li>\n<li>Nos services comprennent l&rsquo;assurance responsabilit\u00e9 civile et l&rsquo;assurance accident. La police d&rsquo;assurance responsabilit\u00e9 civile N\u00ba1200050146 et la police d&rsquo;assurance accident N\u00ba1300000361 sont sous contrat chez la compagnie d&rsquo;assurances Berkley. L&rsquo;assurance accident ne couvre pas les personnes de plus de 65 ans. Les informations compl\u00e8tes sur les conditions et les couvertures d&rsquo;assurance sont \u00e0 la disposition des clients et seront envoy\u00e9es aux personnes qui en font la demande.<\/li>\n<li>Le contrat et la responsabilit\u00e9 de Kayaking Costa Brava concernent exclusivement le travail direct de ses techniciens et l&rsquo;organisation de l&rsquo;activit\u00e9.<\/li>\n<li>D\u00e8s la confirmation de la r\u00e9servation, le client assumera express\u00e9ment la totalit\u00e9 des pr\u00e9sentes Conditions g\u00e9n\u00e9rales. Dans le cas o\u00f9 une personne effectue une r\u00e9servation pour le compte d&rsquo;une autre personne, il\/elle assume chacune de ces Conditions g\u00e9n\u00e9rales.<\/li>\n<\/ol>\n<p><strong>Chaussures et v\u00eatements de marche confortables.<\/strong><\/p>\n<ul>\n<li>Le contrat et la responsabilit\u00e9 de Kayaking Costa Brava concernent exclusivement le travail direct de ses techniciens et l&rsquo;organisation de l&rsquo;activit\u00e9.<\/li>\n<li>D\u00e8s la confirmation de la r\u00e9servation, le client assumera express\u00e9ment la totalit\u00e9 des pr\u00e9sentes Conditions g\u00e9n\u00e9rales. Dans le cas o\u00f9 une personne effectue une r\u00e9servation<\/li>\n<\/ul>\n<p>[\/et_pb_accordion_item][\/et_pb_accordion][et_pb_text use_border_color=\u00a0\u00bboff\u00a0\u00bb custom_margin=\u00a0\u00bb64px|||\u00a0\u00bb background_position=\u00a0\u00bbtop_left\u00a0\u00bb background_repeat=\u00a0\u00bbrepeat\u00a0\u00bb background_size=\u00a0\u00bbinitial\u00a0\u00bb _builder_version=\u00a0\u00bb3.6&Prime;]<\/p>\n<h3>Galerie d&rsquo;images<\/h3>\n<p>[\/et_pb_text][et_pb_gallery admin_label=\u00a0\u00bbGaler\u00eda de im\u00e1genes\u00a0\u00bb fullwidth=\u00a0\u00bboff\u00a0\u00bb posts_number=\u00a0\u00bb9&Prime; show_title_and_caption=\u00a0\u00bboff\u00a0\u00bb show_pagination=\u00a0\u00bboff\u00a0\u00bb background_layout=\u00a0\u00bblight\u00a0\u00bb auto=\u00a0\u00bboff\u00a0\u00bb hover_overlay_color=\u00a0\u00bbrgba(255,255,255,0.9)\u00a0\u00bb caption_all_caps=\u00a0\u00bboff\u00a0\u00bb use_border_color=\u00a0\u00bboff\u00a0\u00bb border_color=\u00a0\u00bb#ffffff\u00a0\u00bb border_style=\u00a0\u00bbsolid\u00a0\u00bb gallery_ids=\u00a0\u00bb1960,1956,1952,1948,1944,1940&Prime; \/][\/et_pb_column][et_pb_column type=\u00a0\u00bb1_4&Prime;][et_pb_text admin_label=\u00a0\u00bbreserva tel\u00e9fono\u00a0\u00bb use_border_color=\u00a0\u00bboff\u00a0\u00bb module_class=\u00a0\u00bbbox_sidebar_tfno\u00a0\u00bb background_position=\u00a0\u00bbtop_left\u00a0\u00bb background_repeat=\u00a0\u00bbrepeat\u00a0\u00bb background_size=\u00a0\u00bbinitial\u00a0\u00bb _builder_version=\u00a0\u00bb3.6&Prime; saved_tabs=\u00a0\u00bball\u00a0\u00bb global_module=\u00a0\u00bb4642&Prime;]<\/p>\n<p><strong>Si vous souhaitez le r\u00e9server, appelez-nous:<\/strong><\/p>\n<p><a href=\"tel:+34972773806\">+34 972 773 806<\/a><\/p>\n<p>[\/et_pb_text][et_pb_button button_url=\u00a0\u00bbhttps:\/\/www.kayakingcostabrava.com\/contacte\/\u00a0\u00bb button_text=\u00a0\u00bbou \u00e9crivez-nous\u00a0\u00bb button_alignment=\u00a0\u00bbcenter\u00a0\u00bb module_class=\u00a0\u00bbbutton_green\u00a0\u00bb _builder_version=\u00a0\u00bb3.6&Prime; saved_tabs=\u00a0\u00bball\u00a0\u00bb global_module=\u00a0\u00bb4643&Prime; \/][et_pb_text admin_label=\u00a0\u00bbOtras excursiones\u00a0\u00bb use_border_color=\u00a0\u00bboff\u00a0\u00bb module_class=\u00a0\u00bbsidebar_menu\u00a0\u00bb background_position=\u00a0\u00bbtop_left\u00a0\u00bb background_repeat=\u00a0\u00bbrepeat\u00a0\u00bb background_size=\u00a0\u00bbinitial\u00a0\u00bb _builder_version=\u00a0\u00bb3.6&Prime; saved_tabs=\u00a0\u00bball\u00a0\u00bb global_module=\u00a0\u00bb4805&Prime;]<\/p>\n<h4>Programme pour entreprises<\/h4>\n<ul>\n<li><a href=\"\/kayaks?page_id=559\">Excursions guid\u00e9es en kayak<\/a><\/li>\n<li><a href=\"\/kayaks?page_id=565\">Kayak et randonn\u00e9es<\/a><\/li>\n<li><a href=\"\/kayaks?page_id=568\">Programme de travail en \u00e9quipe<\/a><\/li>\n<\/ul>\n<p>[\/et_pb_text][et_pb_text admin_label=\u00a0\u00bbCondiciones, enlaces de inter\u00e9s\u00a0\u00bb use_border_color=\u00a0\u00bboff\u00a0\u00bb module_class=\u00a0\u00bbsidebar_links\u00a0\u00bb background_position=\u00a0\u00bbtop_left\u00a0\u00bb background_repeat=\u00a0\u00bbrepeat\u00a0\u00bb background_size=\u00a0\u00bbinitial\u00a0\u00bb _builder_version=\u00a0\u00bb3.6&Prime; saved_tabs=\u00a0\u00bball\u00a0\u00bb global_module=\u00a0\u00bb4806&Prime;]<\/p>\n<ul>\n<li><a title=\"Enlla\u00e7os d\u2019inter\u00e9s\" href=\"\/kayaks?page_id=131\">Liens utiles<\/a><\/li>\n<\/ul>\n<p>[\/et_pb_text][\/et_pb_column][\/et_pb_row][\/et_pb_section]<\/p>\n","protected":false},"excerpt":{"rendered":"<p>\u00c0 Kayaking Costa Brava, nous proposons des exp\u00e9riences aux entreprises ax\u00e9es sur les objectifs et les r\u00e9sultats adapt\u00e9s \u00e0 chaque client. Le kayak de mer est une activit\u00e9 id\u00e9ale pour favoriser les relations personnelles et le travail d&rsquo;\u00e9quipe, dans une ambiance d\u00e9tendue, en contact permanent avec la mer et la nature. Kayak et randonn\u00e9es Sortie [&hellip;]<\/p>\n","protected":false},"author":3,"featured_media":0,"parent":4793,"menu_order":0,"comment_status":"closed","ping_status":"closed","template":"","meta":{"_et_pb_use_builder":"on","_et_pb_old_content":"","_et_gb_content_width":"","inline_featured_image":false,"footnotes":""},"class_list":["post-4808","page","type-page","status-publish","hentry"],"yoast_head":"<!-- This site is optimized with the Yoast SEO plugin v27.1.1 - https:\/\/yoast.com\/product\/yoast-seo-wordpress\/ -->\n<title>Kayak et randonn\u00e9es - Kayaking Costa Brava<\/title>\n<meta name=\"robots\" content=\"index, follow, max-snippet:-1, max-image-preview:large, max-video-preview:-1\" \/>\n<link rel=\"canonical\" href=\"https:\/\/kayakingcostabrava.com\/fr\/activites\/programme-pour-entreprises\/kayak-et-randonnees\/\" \/>\n<meta property=\"og:locale\" content=\"fr_FR\" \/>\n<meta property=\"og:type\" content=\"article\" \/>\n<meta property=\"og:title\" content=\"Kayak et randonn\u00e9es - Kayaking Costa Brava\" \/>\n<meta property=\"og:description\" content=\"\u00c0 Kayaking Costa Brava, nous proposons des exp\u00e9riences aux entreprises ax\u00e9es sur les objectifs et les r\u00e9sultats adapt\u00e9s \u00e0 chaque client. Le kayak de mer est une activit\u00e9 id\u00e9ale pour favoriser les relations personnelles et le travail d&#039;\u00e9quipe, dans une ambiance d\u00e9tendue, en contact permanent avec la mer et la nature. Kayak et randonn\u00e9es Sortie [&hellip;]\" \/>\n<meta property=\"og:url\" content=\"https:\/\/kayakingcostabrava.com\/fr\/activites\/programme-pour-entreprises\/kayak-et-randonnees\/\" \/>\n<meta property=\"og:site_name\" content=\"Kayaking Costa Brava\" \/>\n<meta property=\"article:publisher\" content=\"https:\/\/www.facebook.com\/kayakingcostabrava\/\" \/>\n<meta property=\"article:modified_time\" content=\"2019-02-12T10:53:47+00:00\" \/>\n<meta name=\"twitter:card\" content=\"summary_large_image\" \/>\n<meta name=\"twitter:label1\" content=\"Dur\u00e9e de lecture estim\u00e9e\" \/>\n\t<meta name=\"twitter:data1\" content=\"12 minutes\" \/>\n<script type=\"application\/ld+json\" class=\"yoast-schema-graph\">{\"@context\":\"https:\/\/schema.org\",\"@graph\":[{\"@type\":\"WebPage\",\"@id\":\"https:\/\/kayakingcostabrava.com\/fr\/activites\/programme-pour-entreprises\/kayak-et-randonnees\/\",\"url\":\"https:\/\/kayakingcostabrava.com\/fr\/activites\/programme-pour-entreprises\/kayak-et-randonnees\/\",\"name\":\"Kayak et randonn\u00e9es - Kayaking Costa Brava\",\"isPartOf\":{\"@id\":\"https:\/\/kayakingcostabrava.com\/#website\"},\"datePublished\":\"2018-10-18T15:11:56+00:00\",\"dateModified\":\"2019-02-12T10:53:47+00:00\",\"breadcrumb\":{\"@id\":\"https:\/\/kayakingcostabrava.com\/fr\/activites\/programme-pour-entreprises\/kayak-et-randonnees\/#breadcrumb\"},\"inLanguage\":\"fr-FR\",\"potentialAction\":[{\"@type\":\"ReadAction\",\"target\":[\"https:\/\/kayakingcostabrava.com\/fr\/activites\/programme-pour-entreprises\/kayak-et-randonnees\/\"]}]},{\"@type\":\"BreadcrumbList\",\"@id\":\"https:\/\/kayakingcostabrava.com\/fr\/activites\/programme-pour-entreprises\/kayak-et-randonnees\/#breadcrumb\",\"itemListElement\":[{\"@type\":\"ListItem\",\"position\":1,\"name\":\"Inici\",\"item\":\"https:\/\/kayakingcostabrava.com\/fr\/\"},{\"@type\":\"ListItem\",\"position\":2,\"name\":\"Activit\u00e9s\",\"item\":\"https:\/\/kayakingcostabrava.com\/fr\/activites\/\"},{\"@type\":\"ListItem\",\"position\":3,\"name\":\"Programme pour entreprises\",\"item\":\"https:\/\/kayakingcostabrava.com\/fr\/activites\/programme-pour-entreprises\/\"},{\"@type\":\"ListItem\",\"position\":4,\"name\":\"Kayak et randonn\u00e9es\"}]},{\"@type\":\"WebSite\",\"@id\":\"https:\/\/kayakingcostabrava.com\/#website\",\"url\":\"https:\/\/kayakingcostabrava.com\/\",\"name\":\"Kayaking Costa Brava\",\"description\":\"Lloguer de caiacs, excursions, cursos, tenda online.\",\"potentialAction\":[{\"@type\":\"SearchAction\",\"target\":{\"@type\":\"EntryPoint\",\"urlTemplate\":\"https:\/\/kayakingcostabrava.com\/?s={search_term_string}\"},\"query-input\":{\"@type\":\"PropertyValueSpecification\",\"valueRequired\":true,\"valueName\":\"search_term_string\"}}],\"inLanguage\":\"fr-FR\"}]}<\/script>\n<!-- \/ Yoast SEO plugin. -->","yoast_head_json":{"title":"Kayak et randonn\u00e9es - Kayaking Costa Brava","robots":{"index":"index","follow":"follow","max-snippet":"max-snippet:-1","max-image-preview":"max-image-preview:large","max-video-preview":"max-video-preview:-1"},"canonical":"https:\/\/kayakingcostabrava.com\/fr\/activites\/programme-pour-entreprises\/kayak-et-randonnees\/","og_locale":"fr_FR","og_type":"article","og_title":"Kayak et randonn\u00e9es - Kayaking Costa Brava","og_description":"\u00c0 Kayaking Costa Brava, nous proposons des exp\u00e9riences aux entreprises ax\u00e9es sur les objectifs et les r\u00e9sultats adapt\u00e9s \u00e0 chaque client. Le kayak de mer est une activit\u00e9 id\u00e9ale pour favoriser les relations personnelles et le travail d'\u00e9quipe, dans une ambiance d\u00e9tendue, en contact permanent avec la mer et la nature. Kayak et randonn\u00e9es Sortie [&hellip;]","og_url":"https:\/\/kayakingcostabrava.com\/fr\/activites\/programme-pour-entreprises\/kayak-et-randonnees\/","og_site_name":"Kayaking Costa Brava","article_publisher":"https:\/\/www.facebook.com\/kayakingcostabrava\/","article_modified_time":"2019-02-12T10:53:47+00:00","twitter_card":"summary_large_image","twitter_misc":{"Dur\u00e9e de lecture estim\u00e9e":"12 minutes"},"schema":{"@context":"https:\/\/schema.org","@graph":[{"@type":"WebPage","@id":"https:\/\/kayakingcostabrava.com\/fr\/activites\/programme-pour-entreprises\/kayak-et-randonnees\/","url":"https:\/\/kayakingcostabrava.com\/fr\/activites\/programme-pour-entreprises\/kayak-et-randonnees\/","name":"Kayak et randonn\u00e9es - Kayaking Costa Brava","isPartOf":{"@id":"https:\/\/kayakingcostabrava.com\/#website"},"datePublished":"2018-10-18T15:11:56+00:00","dateModified":"2019-02-12T10:53:47+00:00","breadcrumb":{"@id":"https:\/\/kayakingcostabrava.com\/fr\/activites\/programme-pour-entreprises\/kayak-et-randonnees\/#breadcrumb"},"inLanguage":"fr-FR","potentialAction":[{"@type":"ReadAction","target":["https:\/\/kayakingcostabrava.com\/fr\/activites\/programme-pour-entreprises\/kayak-et-randonnees\/"]}]},{"@type":"BreadcrumbList","@id":"https:\/\/kayakingcostabrava.com\/fr\/activites\/programme-pour-entreprises\/kayak-et-randonnees\/#breadcrumb","itemListElement":[{"@type":"ListItem","position":1,"name":"Inici","item":"https:\/\/kayakingcostabrava.com\/fr\/"},{"@type":"ListItem","position":2,"name":"Activit\u00e9s","item":"https:\/\/kayakingcostabrava.com\/fr\/activites\/"},{"@type":"ListItem","position":3,"name":"Programme pour entreprises","item":"https:\/\/kayakingcostabrava.com\/fr\/activites\/programme-pour-entreprises\/"},{"@type":"ListItem","position":4,"name":"Kayak et randonn\u00e9es"}]},{"@type":"WebSite","@id":"https:\/\/kayakingcostabrava.com\/#website","url":"https:\/\/kayakingcostabrava.com\/","name":"Kayaking Costa Brava","description":"Lloguer de caiacs, excursions, cursos, tenda online.","potentialAction":[{"@type":"SearchAction","target":{"@type":"EntryPoint","urlTemplate":"https:\/\/kayakingcostabrava.com\/?s={search_term_string}"},"query-input":{"@type":"PropertyValueSpecification","valueRequired":true,"valueName":"search_term_string"}}],"inLanguage":"fr-FR"}]}},"_links":{"self":[{"href":"https:\/\/kayakingcostabrava.com\/fr\/wp-json\/wp\/v2\/pages\/4808","targetHints":{"allow":["GET"]}}],"collection":[{"href":"https:\/\/kayakingcostabrava.com\/fr\/wp-json\/wp\/v2\/pages"}],"about":[{"href":"https:\/\/kayakingcostabrava.com\/fr\/wp-json\/wp\/v2\/types\/page"}],"author":[{"embeddable":true,"href":"https:\/\/kayakingcostabrava.com\/fr\/wp-json\/wp\/v2\/users\/3"}],"replies":[{"embeddable":true,"href":"https:\/\/kayakingcostabrava.com\/fr\/wp-json\/wp\/v2\/comments?post=4808"}],"version-history":[{"count":0,"href":"https:\/\/kayakingcostabrava.com\/fr\/wp-json\/wp\/v2\/pages\/4808\/revisions"}],"up":[{"embeddable":true,"href":"https:\/\/kayakingcostabrava.com\/fr\/wp-json\/wp\/v2\/pages\/4793"}],"wp:attachment":[{"href":"https:\/\/kayakingcostabrava.com\/fr\/wp-json\/wp\/v2\/media?parent=4808"}],"curies":[{"name":"wp","href":"https:\/\/api.w.org\/{rel}","templated":true}]}}