{"id":5243,"date":"2019-01-31T16:41:08","date_gmt":"2019-01-31T16:41:08","guid":{"rendered":"https:\/\/www.kayakingcostabrava.com\/?page_id=5243"},"modified":"2019-05-21T16:21:16","modified_gmt":"2019-05-21T16:21:16","slug":"kayak-de-mar-tecnico-avanzado","status":"publish","type":"page","link":"https:\/\/kayakingcostabrava.com\/es\/actividades\/programa-educativo\/kayak-de-mar-tecnico-avanzado\/","title":{"rendered":"Kayak de mar t\u00e9cnico avanzado"},"content":{"rendered":"<p>[et_pb_section bb_built=\u00bb1&#8243; fullwidth=\u00bbon\u00bb specialty=\u00bboff\u00bb transparent_background=\u00bboff\u00bb allow_player_pause=\u00bboff\u00bb inner_shadow=\u00bboff\u00bb parallax=\u00bboff\u00bb parallax_method=\u00bboff\u00bb padding_mobile=\u00bboff\u00bb make_fullwidth=\u00bboff\u00bb use_custom_width=\u00bboff\u00bb width_unit=\u00bbon\u00bb make_equal=\u00bboff\u00bb use_custom_gutter=\u00bboff\u00bb module_class=\u00bbheader_page\u00bb custom_padding_tablet=\u00bb50px|0|50px|0&#8243; custom_padding_last_edited=\u00bbon|desktop\u00bb next_background_color=\u00bb#69cbc6&#8243; prev_background_color=\u00bb#000000&#8243;][et_pb_fullwidth_header admin_label=\u00bbT\u00edtulo cabecera\u00bb title=\u00bbPrograma educativo\u00bb background_layout=\u00bblight\u00bb subhead=\u00bbActividades\u00bb background_color=\u00bbrgba(255, 255, 255, 0)\u00bb _builder_version=\u00bb3.6&#8243; max_width_tablet=\u00bb50px\u00bb button_one_text_size__hover_enabled=\u00bboff\u00bb button_one_text_size__hover=\u00bbnull\u00bb button_two_text_size__hover_enabled=\u00bboff\u00bb button_two_text_size__hover=\u00bbnull\u00bb button_one_text_color__hover_enabled=\u00bboff\u00bb button_one_text_color__hover=\u00bbnull\u00bb button_two_text_color__hover_enabled=\u00bboff\u00bb button_two_text_color__hover=\u00bbnull\u00bb button_one_border_width__hover_enabled=\u00bboff\u00bb button_one_border_width__hover=\u00bbnull\u00bb button_two_border_width__hover_enabled=\u00bboff\u00bb button_two_border_width__hover=\u00bbnull\u00bb button_one_border_color__hover_enabled=\u00bboff\u00bb button_one_border_color__hover=\u00bbnull\u00bb button_two_border_color__hover_enabled=\u00bboff\u00bb button_two_border_color__hover=\u00bbnull\u00bb button_one_border_radius__hover_enabled=\u00bboff\u00bb button_one_border_radius__hover=\u00bbnull\u00bb button_two_border_radius__hover_enabled=\u00bboff\u00bb button_two_border_radius__hover=\u00bbnull\u00bb button_one_letter_spacing__hover_enabled=\u00bboff\u00bb button_one_letter_spacing__hover=\u00bbnull\u00bb button_two_letter_spacing__hover_enabled=\u00bboff\u00bb button_two_letter_spacing__hover=\u00bbnull\u00bb button_one_bg_color__hover_enabled=\u00bboff\u00bb button_one_bg_color__hover=\u00bbnull\u00bb button_two_bg_color__hover_enabled=\u00bboff\u00bb button_two_bg_color__hover=\u00bbnull\u00bb \/][\/et_pb_section][et_pb_section bb_built=\u00bb1&#8243; admin_label=\u00bbsection\u00bb transparent_background=\u00bboff\u00bb background_color=\u00bb#69cbc6&#8243; allow_player_pause=\u00bboff\u00bb inner_shadow=\u00bboff\u00bb parallax=\u00bboff\u00bb parallax_method=\u00bboff\u00bb padding_mobile=\u00bboff\u00bb make_fullwidth=\u00bboff\u00bb use_custom_width=\u00bboff\u00bb width_unit=\u00bbon\u00bb make_equal=\u00bboff\u00bb use_custom_gutter=\u00bboff\u00bb module_class=\u00bbsub_header_01&#8243; custom_padding_tablet=\u00bb50px|0|50px|0&#8243; custom_padding_last_edited=\u00bbon|desktop\u00bb prev_background_color=\u00bb#ffffff\u00bb next_background_color=\u00bb#fffcdb\u00bb][et_pb_row admin_label=\u00bbrow\u00bb background_position=\u00bbtop_left\u00bb background_repeat=\u00bbrepeat\u00bb background_size=\u00bbinitial\u00bb][et_pb_column type=\u00bb4_4&#8243;][et_pb_text admin_label=\u00bbIntroducci\u00f3n\u00bb use_border_color=\u00bboff\u00bb background_position=\u00bbtop_left\u00bb background_repeat=\u00bbrepeat\u00bb background_size=\u00bbinitial\u00bb _builder_version=\u00bb3.6&#8243;]<\/p>\n<p>\nEn Kayaking Costa Brava ofrecemos programes educativos dirigidos a grupos escolares de distintas edades con el fin de combinar la actividad deportiva del kayak de mar con el descubrimiento de nuestro entorno natural m\u00e1s inmediato, el Mar.<\/p>\n<p>[\/et_pb_text][\/et_pb_column][\/et_pb_row][\/et_pb_section][et_pb_section bb_built=\u00bb1&#8243; fullwidth=\u00bboff\u00bb specialty=\u00bboff\u00bb transparent_background=\u00bboff\u00bb background_color=\u00bb#fffcdb\u00bb allow_player_pause=\u00bboff\u00bb inner_shadow=\u00bboff\u00bb parallax=\u00bboff\u00bb parallax_method=\u00bboff\u00bb padding_mobile=\u00bboff\u00bb make_fullwidth=\u00bboff\u00bb use_custom_width=\u00bboff\u00bb width_unit=\u00bbon\u00bb make_equal=\u00bboff\u00bb use_custom_gutter=\u00bboff\u00bb module_class=\u00bbbox_ficha\u00bb custom_padding_tablet=\u00bb50px|0|50px|0&#8243; custom_padding_last_edited=\u00bbon|desktop\u00bb prev_background_color=\u00bb#69cbc6&#8243;][et_pb_row background_position=\u00bbtop_left\u00bb background_repeat=\u00bbrepeat\u00bb background_size=\u00bbinitial\u00bb][et_pb_column type=\u00bb3_4&#8243;][et_pb_text admin_label=\u00bbT\u00edtulo\u00bb use_border_color=\u00bboff\u00bb background_position=\u00bbtop_left\u00bb background_repeat=\u00bbrepeat\u00bb background_size=\u00bbinitial\u00bb _builder_version=\u00bb3.6&#8243;]<\/p>\n<h2>Kayak de mar t\u00e9cnico avanzado<\/h2>\n<p>[\/et_pb_text][et_pb_image _builder_version=\u00bb3.6&#8243; src=\u00bbhttps:\/\/www.kayakingcostabrava.com\/wp-content\/uploads\/2016\/04\/principal_caiac_mar_tecnic_avancat.jpg\u00bb \/][et_pb_accordion use_border_color=\u00bboff\u00bb _builder_version=\u00bb3.20.1&#8243;][et_pb_accordion_item title=\u00bbInformaci\u00f3n\u00bb _builder_version=\u00bb3.20.1&#8243; use_background_color_gradient=\u00bboff\u00bb background_color_gradient_start=\u00bb#2b87da\u00bb background_color_gradient_end=\u00bb#29c4a9&#8243; background_color_gradient_type=\u00bblinear\u00bb background_color_gradient_direction=\u00bb180deg\u00bb background_color_gradient_direction_radial=\u00bbcenter\u00bb background_color_gradient_start_position=\u00bb0%\u00bb background_color_gradient_end_position=\u00bb100%\u00bb background_color_gradient_overlays_image=\u00bboff\u00bb parallax=\u00bboff\u00bb parallax_method=\u00bbon\u00bb background_size=\u00bbcover\u00bb background_position=\u00bbcenter\u00bb background_repeat=\u00bbno-repeat\u00bb background_blend=\u00bbnormal\u00bb allow_player_pause=\u00bboff\u00bb background_video_pause_outside_viewport=\u00bbon\u00bb text_shadow_style=\u00bbnone\u00bb box_shadow_style=\u00bbnone\u00bb]<\/p>\n<p>Actividad deportiva con <strong>kayak de traves\u00eda individual<\/strong> con el objetivo de alcanzar los siguientes contenidos:<\/p>\n<ul>\n<li>Conocer el material necesario para la actividad.<\/li>\n<li>Conocer, a nivel avanzado, las t\u00e9cnicas de control y maniobra del kayak, as\u00ed como &nbsp;las de seguridad y rescate.<\/li>\n<li>Adquirir conocimientos de navegaci\u00f3n, control de grupos i evaluaci\u00f3n de riesgos.<\/li>\n<li>Poner en pr\u00e1ctica estos conocimientos.<\/li>\n<\/ul>\n<p><strong>El programa se desarrolla en varias sesiones:<\/strong><\/p>\n<ul>\n<li>Dos sesiones te\u00f3rico-pr\u00e1cticas en un entorno protegido.<\/li>\n<li>Una sesi\u00f3n te\u00f3rica de navegaci\u00f3n en kayak de mar, control de grupos i evaluaci\u00f3n de riesgos.<\/li>\n<li>Una sesi\u00f3n poniendo en pr\u00e1ctica los conocimientos adquiridos durante las sesiones anteriores realizando una ruta en kayak.<\/li>\n<\/ul>\n<p>Debido al uso de kayaks individuales y al tipo de conocimientos t\u00e9cnicos a adquirir por parte de los participantes, se recomienda la actividad para grupos entre 12 y 15 personas m\u00e1ximo. Para grupos m\u00e1s numerosos existe la posibilidad de realizar varios turnos.<\/p>\n<p>[\/et_pb_accordion_item][et_pb_accordion_item title=\u00bbFicha t\u00e9cnica\u00bb _builder_version=\u00bb3.20.1&#8243;]<\/p>\n<p><strong>Durada:<\/strong> L\u2019activitat requereix una durada total de 16 hores. Inicialment repartides en quatre&nbsp; sessions de 4 hores cadascuna, opcionalment distribu\u00efdes en funci\u00f3 de les necessitats del centre educatiu.<br \/>\n<strong>Temporalitat i lloc:<\/strong> Activitat programada per realitzar durant els mesos de maig, juny i setembre (segons calendari i disponibilitat de l\u2019empresa).<br \/>\nLes dues primeres sessions i la ruta estan pensades per fer-les a les nostres bases de Portlligat i Cala Montg\u00f3, ja que s\u00f3n dues platges poc fondes i protegides del vent. La tercera sessi\u00f3 te\u00f2rica es pot fer al mateix centre educatiu ( despla\u00e7ant-se el monitor).<br \/>\nPossibilitat de realitzar el programa en altres mesos i\/o en altres bases de l\u2019empresa ( Tamariu i Platja Castell), consulta\u2019ns la possibilitat de fer-ho.<br \/>\n<strong>Preu:<\/strong> 102 Euros per alumne ( m\u00ednim 20 alumnes).<br \/>\nEn funci\u00f3 del n\u00ba d\u2019alumnes del grup el preu pot variar, consulta\u2019ns pressupost sense comprom\u00eds.<br \/>\n<strong>Nivells educatius als quals s\u2019adre\u00e7a:<\/strong><\/p>\n<p>&nbsp;<\/p>\n<p>&nbsp;<\/p>\n<p>&nbsp;<\/p>\n<ul>\n<li>3r i 4r de secund\u00e0ria<\/li>\n<li>Batxillerat<\/li>\n<li>Cicles formatius espec\u00edfics<\/li>\n<\/ul>\n<p>[\/et_pb_accordion_item][et_pb_accordion_item title=\u00bbInformaci\u00f3n pr\u00e1ctica\u00bb _builder_version=\u00bb3.20.1&#8243; use_background_color_gradient=\u00bboff\u00bb background_color_gradient_start=\u00bb#2b87da\u00bb background_color_gradient_end=\u00bb#29c4a9&#8243; background_color_gradient_type=\u00bblinear\u00bb background_color_gradient_direction=\u00bb180deg\u00bb background_color_gradient_direction_radial=\u00bbcenter\u00bb background_color_gradient_start_position=\u00bb0%\u00bb background_color_gradient_end_position=\u00bb100%\u00bb background_color_gradient_overlays_image=\u00bboff\u00bb parallax=\u00bboff\u00bb parallax_method=\u00bbon\u00bb background_size=\u00bbcover\u00bb background_position=\u00bbcenter\u00bb background_repeat=\u00bbno-repeat\u00bb background_blend=\u00bbnormal\u00bb allow_player_pause=\u00bboff\u00bb background_video_pause_outside_viewport=\u00bbon\u00bb text_shadow_style=\u00bbnone\u00bb box_shadow_style=\u00bbnone\u00bb link_option_url_new_window=\u00bboff\u00bb text_shadow_horizontal_length=\u00bb0em\u00bb text_shadow_vertical_length=\u00bb0em\u00bb text_shadow_blur_strength=\u00bb0em\u00bb hover_transition_duration=\u00bb300ms\u00bb hover_transition_delay=\u00bb0ms\u00bb hover_transition_speed_curve=\u00bbease\u00bb]<\/p>\n<h6>Que incluye la actividad<\/h6>\n<ul>\n<li>Material t\u00e9cnico (kayak, pala y chaleco)<\/li>\n<li>Gu\u00eda \/ T\u00e9cnico en kayak de mar<\/li>\n<li>Embarcaci\u00f3n de seguridad<\/li>\n<li>Seguro<\/li>\n<\/ul>\n<h6>Que hay que llevar<\/h6>\n<ul>\n<li>Ba\u00f1ador o pantalones que se puedan mojar.<\/li>\n<li>Protecci\u00f3n solar y gorra.<\/li>\n<li>Camiseta t\u00e9rmica o licra para mojar.<\/li>\n<li>Gafas de sol con cinta de sujeci\u00f3n.<\/li>\n<li>Calzado cerrado que se pueda mojar (tipo escarpines, sandalias cerradas o zapatillas deportivas viejas\u2026)<\/li>\n<li>Bebida para hidratarse.<\/li>\n<li>Ropa de recambio y toalla para usar al finalizar la actividad.<\/li>\n<\/ul>\n<h6>Condiciones y requisitos<\/h6>\n<ul>\n<li>Imprescindible saber nadar.<\/li>\n<li>Durante la sesi\u00f3n es obligatorio el uso de chaleco de ayuda a la flotabilidad (proporcionado por Kayaking Costa Brava).<\/li>\n<li>Es necesario llevar el equipamiento personal necesario y requerido por Kayaking Costa Brava.<\/li>\n<li>Seguir en todo momento las indicaciones de los t\u00e9cnicos instructores, tanto en el funcionamiento de la actividad como en el uso del material t\u00e9cnico.<\/li>\n<li>Informar previamente a Kayaking Costa Brava en el caso de padecer alguna discapacidad, disfunci\u00f3n o patolog\u00eda, y\/o alg\u00fan tipo de alergia o enfermedad que se deba tener en cuenta para realizar la actividad.<\/li>\n<li>Imprescindible reserva previa. Para confirmar una reserva el centro educativo tendr\u00e1 que abonar el anticipo correspondiente, el pago final se realizar\u00e1 despu\u00e9s de la actividad en funci\u00f3n del n\u00famero total de alumnos.<\/li>\n<li>El desplazamiento hasta la playa va a cargo del centro educativo.<\/li>\n<\/ul>\n<p><span lang=\"ES\">Recomendamos no llevar objetos de valor a las playas (tanto en el servicio de alquiler como en excursiones guiadas). Kayaking Costa Brava no dispone de una estructura adecuada para la custodia del material personal, por este motivo no se hace responsable de posibles p\u00e9rdidas o da\u00f1os en el material personal custodiado.<\/span><\/p>\n<h6>Contrataci\u00f3n de la actividad y pol\u00edtica de cancelaci\u00f3n<\/h6>\n<p>Las tarifas son por persona (excepto las tarifas a medida para grupos) y con IVA incluido. Este precio incluye el equipamiento t\u00e9cnico necesario y de seguridad: kayak, chaleco, pala y casco (este \u00faltimo en las salidas que as\u00ed lo requieran), dos gu\u00edas instructores titulados y una embarcaci\u00f3n de seguridad. La contrataci\u00f3n de servicios externos (alojamiento, transporte\u2026) ser\u00e1 a cargo del cliente, no obstante a veces pueden ser gestionados por Kayaking Costa Brava.<\/p>\n<ol>\n<li>Nuestras actividades est\u00e1n sujetas a las condiciones meteorol\u00f3gicas y al estado del mar. Por este motivo Kayaking Costa Brava puede verse obligada a cambiar o cancelar la actividad incluso durante la misma, en este caso el cliente tendr\u00e1 derecho al aplazamiento de la actividad o a la devoluci\u00f3n del importe abonado.<\/li>\n<li>Si cancela o modifica el cliente se aplicaran los siguientes criterios de penalizaci\u00f3n:<\/li>\n<\/ol>\n<ul>\n<li>Diez d\u00edas antes est\u00e1 penalizado con el 25% del importe total de la reserva<\/li>\n<li>De nueve a cuatro d\u00edas antes est\u00e1 penalizado con el 50% del importe total de la reserva<\/li>\n<li>Tres d\u00edas antes o menos est\u00e1 penalizado con el 100 % del importe total de la reserva<\/li>\n<\/ul>\n<ol start=\"3\">\n<li>Todos nuestros servicios incluyen Seguro de Responsabilidad Civil y Seguro de Accidentes. El seguro de Responsabilidad Civil P\u00f3liza N\u00ba1200050146, seguro de Accidentes P\u00f3liza N\u00ba1300000361, contratadas con la compa\u00f1\u00eda de seguros Berkley. El seguro de Accidentes no cubre a partir de los 65 a\u00f1os. La informaci\u00f3n completa sobre las condiciones y coberturas de los seguros est\u00e1 a disposici\u00f3n del cliente y se enviar\u00e1 a quien la solicite.<\/li>\n<li>El contrato y responsabilidad de Kayaking Costa Brava afecta exclusivamente al trabajo directo de sus t\u00e9cnicos y a la organizaci\u00f3n de la actividad.<\/li>\n<li>Desde la confirmaci\u00f3n de la reserva el cliente asume de manera expresa la totalidad de las presentes Condiciones Generales. En el caso que una persona reserve por otra\/s, asume a su\/s nombre\/s todas y cada una de estas Condiciones.<\/li>\n<\/ol>\n<p>&nbsp;<\/p>\n<p>[\/et_pb_accordion_item][\/et_pb_accordion][et_pb_text use_border_color=\u00bboff\u00bb custom_margin=\u00bb64px|||\u00bb background_position=\u00bbtop_left\u00bb background_repeat=\u00bbrepeat\u00bb background_size=\u00bbinitial\u00bb _builder_version=\u00bb3.6&#8243;]<\/p>\n<h3>Galer\u00eda de im\u00e1genes<\/h3>\n<p>[\/et_pb_text][et_pb_gallery admin_label=\u00bbGaler\u00eda de im\u00e1genes\u00bb fullwidth=\u00bboff\u00bb posts_number=\u00bb9&#8243; show_title_and_caption=\u00bboff\u00bb show_pagination=\u00bboff\u00bb background_layout=\u00bblight\u00bb auto=\u00bboff\u00bb hover_overlay_color=\u00bbrgba(255,255,255,0.9)\u00bb caption_all_caps=\u00bboff\u00bb use_border_color=\u00bboff\u00bb border_color=\u00bb#ffffff\u00bb border_style=\u00bbsolid\u00bb gallery_ids=\u00bb1925,1921,1917&#8243; \/][\/et_pb_column][et_pb_column type=\u00bb1_4&#8243;][et_pb_text admin_label=\u00bbreserva tel\u00e9fono\u00bb use_border_color=\u00bboff\u00bb module_class=\u00bbbox_sidebar_tfno\u00bb background_position=\u00bbtop_left\u00bb background_repeat=\u00bbrepeat\u00bb background_size=\u00bbinitial\u00bb _builder_version=\u00bb3.6&#8243; saved_tabs=\u00bball\u00bb global_module=\u00bb5106&#8243; button_text_size__hover_enabled=\u00bboff\u00bb button_text_size__hover=\u00bbnull\u00bb button_one_text_size__hover_enabled=\u00bboff\u00bb button_one_text_size__hover=\u00bbnull\u00bb button_two_text_size__hover_enabled=\u00bboff\u00bb button_two_text_size__hover=\u00bbnull\u00bb button_text_color__hover_enabled=\u00bboff\u00bb button_text_color__hover=\u00bbnull\u00bb button_one_text_color__hover_enabled=\u00bboff\u00bb button_one_text_color__hover=\u00bbnull\u00bb button_two_text_color__hover_enabled=\u00bboff\u00bb button_two_text_color__hover=\u00bbnull\u00bb button_border_width__hover_enabled=\u00bboff\u00bb button_border_width__hover=\u00bbnull\u00bb button_one_border_width__hover_enabled=\u00bboff\u00bb button_one_border_width__hover=\u00bbnull\u00bb button_two_border_width__hover_enabled=\u00bboff\u00bb button_two_border_width__hover=\u00bbnull\u00bb button_border_color__hover_enabled=\u00bboff\u00bb button_border_color__hover=\u00bbnull\u00bb button_one_border_color__hover_enabled=\u00bboff\u00bb button_one_border_color__hover=\u00bbnull\u00bb button_two_border_color__hover_enabled=\u00bboff\u00bb button_two_border_color__hover=\u00bbnull\u00bb button_border_radius__hover_enabled=\u00bboff\u00bb button_border_radius__hover=\u00bbnull\u00bb button_one_border_radius__hover_enabled=\u00bboff\u00bb button_one_border_radius__hover=\u00bbnull\u00bb button_two_border_radius__hover_enabled=\u00bboff\u00bb button_two_border_radius__hover=\u00bbnull\u00bb button_letter_spacing__hover_enabled=\u00bboff\u00bb button_letter_spacing__hover=\u00bbnull\u00bb button_one_letter_spacing__hover_enabled=\u00bboff\u00bb button_one_letter_spacing__hover=\u00bbnull\u00bb button_two_letter_spacing__hover_enabled=\u00bboff\u00bb button_two_letter_spacing__hover=\u00bbnull\u00bb button_bg_color__hover_enabled=\u00bboff\u00bb button_bg_color__hover=\u00bbnull\u00bb button_one_bg_color__hover_enabled=\u00bboff\u00bb button_one_bg_color__hover=\u00bbnull\u00bb button_two_bg_color__hover_enabled=\u00bboff\u00bb button_two_bg_color__hover=\u00bbnull\u00bb]<\/p>\n<p>\nSi quieres reservar esta excursi\u00f3n ll\u00e1manos:<\/p>\n<p><a href=\"tel:+34972773806\">+34 972 773 806<\/a><\/p>\n<p>[\/et_pb_text][et_pb_button admin_label=\u00bbBot\u00f3n escr\u00edbenos\u00bb button_url=\u00bbhttps:\/\/www.kayakingcostabrava.com\/es\/contacto\/\u00bb button_text=\u00bbo escr\u00edbenos\u00bb button_alignment=\u00bbcenter\u00bb module_class=\u00bbbutton_green\u00bb _builder_version=\u00bb3.6&#8243; saved_tabs=\u00bball\u00bb global_module=\u00bb5107&#8243; \/][et_pb_text admin_label=\u00bbSidebar programa educativo\u00bb _builder_version=\u00bb3.20.1&#8243; module_class=\u00bbsidebar_menu\u00bb saved_tabs=\u00bball\u00bb global_module=\u00bb6048&#8243;]<\/p>\n<h4>\u00a0<\/h4>\n<ul>\n<li><a href=\"https:\/\/www.kayakingcostabrava.com\/es\/actividades\/programa-educativo\/kayak-de-mar-basico\/\">Kayak de mar b\u00e1sico<\/a><\/li>\n<li><a href=\"https:\/\/www.kayakingcostabrava.com\/es\/actividades\/programa-educativo\/descubierta-del-entorno-natural\/\">Descubierta del entorno natural<\/a><\/li>\n<li><a href=\"https:\/\/www.kayakingcostabrava.com\/es\/actividades\/programa-educativo\/kayak-de-mar-tecnico\/\">Kayak de mar t\u00e9cnico<\/a><\/li>\n<li><a href=\"https:\/\/www.kayakingcostabrava.com\/es\/actividades\/programa-educativo\/kayak-de-mar-tecnico-avanzado\/\">Kayak de mar t\u00e9cnico avanzado<\/a><\/li>\n<\/ul>\n<p>[\/et_pb_text][et_pb_text admin_label=\u00bbCondiciones, enlaces de inter\u00e9s\u00bb use_border_color=\u00bboff\u00bb module_class=\u00bbsidebar_links\u00bb background_position=\u00bbtop_left\u00bb background_repeat=\u00bbrepeat\u00bb background_size=\u00bbinitial\u00bb _builder_version=\u00bb3.6&#8243; saved_tabs=\u00bball\u00bb global_module=\u00bb5110&#8243;]<\/p>\n<ul>\n<li><a title=\"Condicions generals activitats\" href=\"\/kayaks?page_id=332\">Condiciones generales excursiones<\/a><\/li>\n<li><a title=\"Preguntes freq\u00fcents\" href=\"\/kayaks?page_id=129\">Preguntas frecuentes<\/a><\/li>\n<li><a title=\"Enlla\u00e7os d\u2019inter\u00e9s\" href=\"\/kayaks?page_id=131\">Enlazos de inter\u00e9s<\/a><\/li>\n<\/ul>\n<p>[\/et_pb_text][\/et_pb_column][\/et_pb_row][\/et_pb_section]<\/p>\n","protected":false},"excerpt":{"rendered":"<p>En Kayaking Costa Brava ofrecemos programes educativos dirigidos a grupos escolares de distintas edades con el fin de combinar la actividad deportiva del kayak de mar con el descubrimiento de nuestro entorno natural m\u00e1s inmediato, el Mar. Kayak de mar t\u00e9cnico avanzado Actividad deportiva con kayak de traves\u00eda individual con el objetivo de alcanzar los [&hellip;]<\/p>\n","protected":false},"author":3,"featured_media":0,"parent":5185,"menu_order":0,"comment_status":"closed","ping_status":"closed","template":"","meta":{"_et_pb_use_builder":"on","_et_pb_old_content":"","_et_gb_content_width":"","inline_featured_image":false,"footnotes":""},"class_list":["post-5243","page","type-page","status-publish","hentry"],"yoast_head":"<!-- This site is optimized with the Yoast SEO plugin v27.1.1 - https:\/\/yoast.com\/product\/yoast-seo-wordpress\/ -->\n<title>Kayak de mar t\u00e9cnico avanzado - Kayaking Costa Brava<\/title>\n<meta name=\"robots\" content=\"index, follow, max-snippet:-1, max-image-preview:large, max-video-preview:-1\" \/>\n<link rel=\"canonical\" href=\"https:\/\/kayakingcostabrava.com\/es\/actividades\/programa-educativo\/kayak-de-mar-tecnico-avanzado\/\" \/>\n<meta property=\"og:locale\" content=\"es_ES\" \/>\n<meta property=\"og:type\" content=\"article\" \/>\n<meta property=\"og:title\" content=\"Kayak de mar t\u00e9cnico avanzado - Kayaking Costa Brava\" \/>\n<meta property=\"og:description\" content=\"En Kayaking Costa Brava ofrecemos programes educativos dirigidos a grupos escolares de distintas edades con el fin de combinar la actividad deportiva del kayak de mar con el descubrimiento de nuestro entorno natural m\u00e1s inmediato, el Mar. Kayak de mar t\u00e9cnico avanzado Actividad deportiva con kayak de traves\u00eda individual con el objetivo de alcanzar los [&hellip;]\" \/>\n<meta property=\"og:url\" content=\"https:\/\/kayakingcostabrava.com\/es\/actividades\/programa-educativo\/kayak-de-mar-tecnico-avanzado\/\" \/>\n<meta property=\"og:site_name\" content=\"Kayaking Costa Brava\" \/>\n<meta property=\"article:publisher\" content=\"https:\/\/www.facebook.com\/kayakingcostabrava\/\" \/>\n<meta property=\"article:modified_time\" content=\"2019-05-21T16:21:16+00:00\" \/>\n<meta name=\"twitter:card\" content=\"summary_large_image\" \/>\n<meta name=\"twitter:label1\" content=\"Tiempo de lectura\" \/>\n\t<meta name=\"twitter:data1\" content=\"11 minutos\" \/>\n<script type=\"application\/ld+json\" class=\"yoast-schema-graph\">{\"@context\":\"https:\/\/schema.org\",\"@graph\":[{\"@type\":\"WebPage\",\"@id\":\"https:\/\/kayakingcostabrava.com\/es\/actividades\/programa-educativo\/kayak-de-mar-tecnico-avanzado\/\",\"url\":\"https:\/\/kayakingcostabrava.com\/es\/actividades\/programa-educativo\/kayak-de-mar-tecnico-avanzado\/\",\"name\":\"Kayak de mar t\u00e9cnico avanzado - Kayaking Costa Brava\",\"isPartOf\":{\"@id\":\"https:\/\/kayakingcostabrava.com\/#website\"},\"datePublished\":\"2019-01-31T16:41:08+00:00\",\"dateModified\":\"2019-05-21T16:21:16+00:00\",\"breadcrumb\":{\"@id\":\"https:\/\/kayakingcostabrava.com\/es\/actividades\/programa-educativo\/kayak-de-mar-tecnico-avanzado\/#breadcrumb\"},\"inLanguage\":\"es\",\"potentialAction\":[{\"@type\":\"ReadAction\",\"target\":[\"https:\/\/kayakingcostabrava.com\/es\/actividades\/programa-educativo\/kayak-de-mar-tecnico-avanzado\/\"]}]},{\"@type\":\"BreadcrumbList\",\"@id\":\"https:\/\/kayakingcostabrava.com\/es\/actividades\/programa-educativo\/kayak-de-mar-tecnico-avanzado\/#breadcrumb\",\"itemListElement\":[{\"@type\":\"ListItem\",\"position\":1,\"name\":\"Inici\",\"item\":\"https:\/\/kayakingcostabrava.com\/es\/\"},{\"@type\":\"ListItem\",\"position\":2,\"name\":\"Actividades\",\"item\":\"https:\/\/kayakingcostabrava.com\/es\/actividades\/\"},{\"@type\":\"ListItem\",\"position\":3,\"name\":\"Programa educativo\",\"item\":\"https:\/\/kayakingcostabrava.com\/es\/actividades\/programa-educativo\/\"},{\"@type\":\"ListItem\",\"position\":4,\"name\":\"Kayak de mar t\u00e9cnico avanzado\"}]},{\"@type\":\"WebSite\",\"@id\":\"https:\/\/kayakingcostabrava.com\/#website\",\"url\":\"https:\/\/kayakingcostabrava.com\/\",\"name\":\"Kayaking Costa Brava\",\"description\":\"Lloguer de caiacs, excursions, cursos, tenda online.\",\"potentialAction\":[{\"@type\":\"SearchAction\",\"target\":{\"@type\":\"EntryPoint\",\"urlTemplate\":\"https:\/\/kayakingcostabrava.com\/?s={search_term_string}\"},\"query-input\":{\"@type\":\"PropertyValueSpecification\",\"valueRequired\":true,\"valueName\":\"search_term_string\"}}],\"inLanguage\":\"es\"}]}<\/script>\n<!-- \/ Yoast SEO plugin. -->","yoast_head_json":{"title":"Kayak de mar t\u00e9cnico avanzado - Kayaking Costa Brava","robots":{"index":"index","follow":"follow","max-snippet":"max-snippet:-1","max-image-preview":"max-image-preview:large","max-video-preview":"max-video-preview:-1"},"canonical":"https:\/\/kayakingcostabrava.com\/es\/actividades\/programa-educativo\/kayak-de-mar-tecnico-avanzado\/","og_locale":"es_ES","og_type":"article","og_title":"Kayak de mar t\u00e9cnico avanzado - Kayaking Costa Brava","og_description":"En Kayaking Costa Brava ofrecemos programes educativos dirigidos a grupos escolares de distintas edades con el fin de combinar la actividad deportiva del kayak de mar con el descubrimiento de nuestro entorno natural m\u00e1s inmediato, el Mar. Kayak de mar t\u00e9cnico avanzado Actividad deportiva con kayak de traves\u00eda individual con el objetivo de alcanzar los [&hellip;]","og_url":"https:\/\/kayakingcostabrava.com\/es\/actividades\/programa-educativo\/kayak-de-mar-tecnico-avanzado\/","og_site_name":"Kayaking Costa Brava","article_publisher":"https:\/\/www.facebook.com\/kayakingcostabrava\/","article_modified_time":"2019-05-21T16:21:16+00:00","twitter_card":"summary_large_image","twitter_misc":{"Tiempo de lectura":"11 minutos"},"schema":{"@context":"https:\/\/schema.org","@graph":[{"@type":"WebPage","@id":"https:\/\/kayakingcostabrava.com\/es\/actividades\/programa-educativo\/kayak-de-mar-tecnico-avanzado\/","url":"https:\/\/kayakingcostabrava.com\/es\/actividades\/programa-educativo\/kayak-de-mar-tecnico-avanzado\/","name":"Kayak de mar t\u00e9cnico avanzado - Kayaking Costa Brava","isPartOf":{"@id":"https:\/\/kayakingcostabrava.com\/#website"},"datePublished":"2019-01-31T16:41:08+00:00","dateModified":"2019-05-21T16:21:16+00:00","breadcrumb":{"@id":"https:\/\/kayakingcostabrava.com\/es\/actividades\/programa-educativo\/kayak-de-mar-tecnico-avanzado\/#breadcrumb"},"inLanguage":"es","potentialAction":[{"@type":"ReadAction","target":["https:\/\/kayakingcostabrava.com\/es\/actividades\/programa-educativo\/kayak-de-mar-tecnico-avanzado\/"]}]},{"@type":"BreadcrumbList","@id":"https:\/\/kayakingcostabrava.com\/es\/actividades\/programa-educativo\/kayak-de-mar-tecnico-avanzado\/#breadcrumb","itemListElement":[{"@type":"ListItem","position":1,"name":"Inici","item":"https:\/\/kayakingcostabrava.com\/es\/"},{"@type":"ListItem","position":2,"name":"Actividades","item":"https:\/\/kayakingcostabrava.com\/es\/actividades\/"},{"@type":"ListItem","position":3,"name":"Programa educativo","item":"https:\/\/kayakingcostabrava.com\/es\/actividades\/programa-educativo\/"},{"@type":"ListItem","position":4,"name":"Kayak de mar t\u00e9cnico avanzado"}]},{"@type":"WebSite","@id":"https:\/\/kayakingcostabrava.com\/#website","url":"https:\/\/kayakingcostabrava.com\/","name":"Kayaking Costa Brava","description":"Lloguer de caiacs, excursions, cursos, tenda online.","potentialAction":[{"@type":"SearchAction","target":{"@type":"EntryPoint","urlTemplate":"https:\/\/kayakingcostabrava.com\/?s={search_term_string}"},"query-input":{"@type":"PropertyValueSpecification","valueRequired":true,"valueName":"search_term_string"}}],"inLanguage":"es"}]}},"_links":{"self":[{"href":"https:\/\/kayakingcostabrava.com\/es\/wp-json\/wp\/v2\/pages\/5243","targetHints":{"allow":["GET"]}}],"collection":[{"href":"https:\/\/kayakingcostabrava.com\/es\/wp-json\/wp\/v2\/pages"}],"about":[{"href":"https:\/\/kayakingcostabrava.com\/es\/wp-json\/wp\/v2\/types\/page"}],"author":[{"embeddable":true,"href":"https:\/\/kayakingcostabrava.com\/es\/wp-json\/wp\/v2\/users\/3"}],"replies":[{"embeddable":true,"href":"https:\/\/kayakingcostabrava.com\/es\/wp-json\/wp\/v2\/comments?post=5243"}],"version-history":[{"count":3,"href":"https:\/\/kayakingcostabrava.com\/es\/wp-json\/wp\/v2\/pages\/5243\/revisions"}],"predecessor-version":[{"id":6059,"href":"https:\/\/kayakingcostabrava.com\/es\/wp-json\/wp\/v2\/pages\/5243\/revisions\/6059"}],"up":[{"embeddable":true,"href":"https:\/\/kayakingcostabrava.com\/es\/wp-json\/wp\/v2\/pages\/5185"}],"wp:attachment":[{"href":"https:\/\/kayakingcostabrava.com\/es\/wp-json\/wp\/v2\/media?parent=5243"}],"curies":[{"name":"wp","href":"https:\/\/api.w.org\/{rel}","templated":true}]}}