{"id":4115,"date":"2018-09-26T07:56:04","date_gmt":"2018-09-26T07:56:04","guid":{"rendered":"https:\/\/www.kayakingcostabrava.com\/?page_id=4115"},"modified":"2018-10-01T15:24:37","modified_gmt":"2018-10-01T15:24:37","slug":"kayak-rental","status":"publish","type":"page","link":"https:\/\/kayakingcostabrava.com\/en\/activities\/kayak-rental\/","title":{"rendered":"Kayak Rental"},"content":{"rendered":"<p>[et_pb_section bb_built=&#8221;1&#8243; fullwidth=&#8221;on&#8221; specialty=&#8221;off&#8221; transparent_background=&#8221;off&#8221; allow_player_pause=&#8221;off&#8221; inner_shadow=&#8221;off&#8221; parallax=&#8221;off&#8221; parallax_method=&#8221;off&#8221; padding_mobile=&#8221;off&#8221; make_fullwidth=&#8221;off&#8221; use_custom_width=&#8221;off&#8221; width_unit=&#8221;on&#8221; make_equal=&#8221;off&#8221; use_custom_gutter=&#8221;off&#8221; module_class=&#8221;header_page&#8221; next_background_color=&#8221;#ffffff&#8221; custom_padding_tablet=&#8221;50px|0|50px|0&#8243; custom_padding_last_edited=&#8221;on|desktop&#8221; prev_background_color=&#8221;#000000&#8243;][et_pb_fullwidth_header title=&#8221;Kayak Rental&#8221; background_layout=&#8221;light&#8221; subhead=&#8221;Kayak Rental&#8221; background_color=&#8221;rgba(255, 255, 255, 0)&#8221; _builder_version=&#8221;3.6&#8243; max_width_tablet=&#8221;50px&#8221;]<\/p>\n<p>&nbsp;<\/p>\n<p>[\/et_pb_fullwidth_header][\/et_pb_section][et_pb_section bb_built=&#8221;1&#8243; fullwidth=&#8221;off&#8221; specialty=&#8221;off&#8221; prev_background_color=&#8221;#000000&#8243; next_background_color=&#8221;#fffcdb&#8221;][et_pb_row][et_pb_column type=&#8221;2_3&#8243;][et_pb_text background_layout=&#8221;light&#8221; text_orientation=&#8221;left&#8221; use_border_color=&#8221;off&#8221; border_color=&#8221;#ffffff&#8221; border_style=&#8221;solid&#8221; module_class=&#8221;text_ficha&#8221; background_position=&#8221;top_left&#8221; background_repeat=&#8221;repeat&#8221; background_size=&#8221;initial&#8221; _builder_version=&#8221;3.6&#8243;]<\/p>\n<h3>Recomenacions<\/h3>\n<p>Durant els mesos d&#8217;estiu hi ha instal\u00b7lat un servei diari de lloguer de caiacs des de les platges de Portlligat, Cala Montg\u00f3, Tamariu i platja de Castell.<\/p>\n<p>Per aquest servei no \u00e9s imprescindible reserva pr\u00e8via, tot i que \u00e9s <strong>recomanable* <\/strong>en els seg\u00fcents casos:<\/p>\n<ul>\n<li>temporada alta (juliol\/agost)<\/li>\n<li>caps de setmana (tota la temporada)<\/li>\n<li>grups nombrosos<\/li>\n<li>lloguer per diversos dies<\/li>\n<li>targetes regal (tipus Smartbox, la Vida es Bella, Dakota box, Wonderbox, Cofre Vip..)<\/li>\n<li>especial \u00e8mfasis a la platja de Tamariu<\/li>\n<\/ul>\n<p><em><strong>* <\/strong><\/em>Sense reserva pr\u00e8via Kayaking Costa Brava no garanteix disponibilitat de\u00a0caiacs a la mateixa platja.<\/p>\n<h3>Tipus de Caiacs<\/h3>\n<p><strong>CAIACS AUTOBUIDABLES (OBERTS):<\/strong> Aptes per a tots el p\u00fablics. S\u00f3n caiacs estables i f\u00e0cils de manejar que no requereixen experi\u00e8ncia pr\u00e8via ni l&#8217;assist\u00e8ncia d&#8217;un monitor.<\/p>\n<ul>\n<li><strong>MONOPLA\u00c7A<\/strong><\/li>\n<li><strong>BIPLA\u00c7A<\/strong> (per dos adults i un nen petit m\u00e0xim 0.80 m d&#8217;al\u00e7ada)<\/li>\n<li><strong>FAMILIARS<\/strong> (per dos adults i dos nens petits m\u00e0xim 1m d&#8217;al\u00e7ada)<\/li>\n<\/ul>\n<p><strong>CAIACS DE TRAVESSIA<\/strong> <strong>(CL\u00c0SSICS D&#8217;EXPEDICI\u00d3 I TANCATS):<\/strong> Per llogar aquest tipus de caiacs cal tenir experi\u00e8ncia pr\u00e8via i signar un document d&#8217;exoneraci\u00f3 de responsabilitat.<\/p>\n<h3>Qu\u00e8 inclou el lloguer<\/h3>\n<p><strong>CAIACS AUTOBUIDABLES:<\/strong> caiac, pala, armilla i guia del litoral, aix\u00ed com l&#8217;assessorament expert del nostre personal per indicar-vos els racons m\u00e9s bonics de la Costa Brava. Per lloguers de 4 hores o m\u00e9s s&#8217;inclou tamb\u00e9 una bossa estanca.<\/p>\n<p><strong>CAIACS DE TRAVESSIA:<\/strong> caiac, pala, armilla, cobrebanyeres, mapa del litoral i una bossa estanca per caiac. Tamb\u00e9 pot incloure, sempre amb pr\u00e8via reserva, material de seguretat (bomba, paddle float, pala de recanvi i cap de remolc).<\/p>\n<h3>Preus lloguer<\/h3>\n<p><strong>Totes les tarifes amb IVA incl\u00f2s.<\/strong><\/p>\n<h4>Preus lloguer auto-buidables &#8211; Castell, Tamariu, Montg\u00f3 i Portlligat<\/h4>\n<table class=\"table_interior\" border=\"0\" width=\"100%\">\n<tbody>\n<tr class=\"title_table\">\n<td width=\"300px\"><\/td>\n<td><strong>Individual<\/strong><\/td>\n<td><strong>*Doble<\/strong><\/td>\n<td><strong>*Familiar <\/strong><\/td>\n<\/tr>\n<tr>\n<td><strong>\u00a01 hora<br \/>\n<\/strong><\/td>\n<td>12 \u20ac<\/td>\n<td>18 \u20ac<\/td>\n<td>25 \u20ac<\/td>\n<\/tr>\n<tr>\n<td><strong>pack 3\/4h<br \/>\n<\/strong><\/td>\n<td>31 \u20ac<\/td>\n<td>50 \u20ac<\/td>\n<td>70 \u20ac<\/td>\n<\/tr>\n<tr>\n<td><strong>pack 1 dia<\/strong><\/td>\n<td>45 \u20ac<\/td>\n<td>75 \u20ac<\/td>\n<td>105 \u20ac<\/td>\n<\/tr>\n<\/tbody>\n<tfoot><\/tfoot>\n<\/table>\n<p><span class=\"nota_footer\">*Caiac doble: per dos adults i un nen petit de 0.80 m d&#8217;al\u00e7ada m\u00e0x.<\/span><br \/>\n<span class=\"nota_footer\">*Caiac familiar: per dos adults i dos nens petits de 1 m d&#8217;al\u00e7ada m\u00e0x.<\/span><\/p>\n<h4>Preus lloguer travessia* &#8211; Castell, Tamariu, Montg\u00f3 i Portlligat<\/h4>\n<table class=\"table_interior\" border=\"0\" width=\"100%\">\n<tbody>\n<tr class=\"title_table\">\n<td><\/td>\n<td><strong>Individual<\/strong><\/td>\n<td><strong>Doble<\/strong><\/td>\n<\/tr>\n<tr>\n<td><strong>1 hora<br \/>\n<\/strong><\/td>\n<td>14 \u20ac<\/td>\n<td>20 \u20ac<\/td>\n<\/tr>\n<tr>\n<td><strong>pack 4h<\/strong><\/td>\n<td>35 \u20ac<\/td>\n<td>53 \u20ac<\/td>\n<\/tr>\n<tr>\n<td><strong>1 dia<\/strong><\/td>\n<td>48 \u20ac<\/td>\n<td>78 \u20ac<\/td>\n<\/tr>\n<tr>\n<td><strong>2-3 dies<\/strong><\/td>\n<td>40 \u20ac \/ dia<\/td>\n<td>65 \u20ac \/ dia<\/td>\n<\/tr>\n<tr>\n<td><strong>4-5 dies<\/strong><\/td>\n<td>35 \u20ac \/ dia<\/td>\n<td>54 \u20ac \/ dia<\/td>\n<\/tr>\n<tr>\n<td><strong>+ de 5 dies<\/strong><\/td>\n<td>28 \u20ac \/ dia<\/td>\n<td>45 \u20ac \/ dia<\/td>\n<\/tr>\n<\/tbody>\n<\/table>\n<p><span class=\"nota_footer\">*imprescindible experi\u00e8ncia pr\u00e8via per llogar aquest caiacs<\/span><\/p>\n<h4>Preus Lloguer Accessoris<\/h4>\n<table class=\"table_interior\" border=\"0\" width=\"100%\">\n<tbody>\n<tr class=\"title_table\">\n<td><\/td>\n<td><strong>1 dia<br \/>\n<\/strong><\/td>\n<td><strong>3-5 dies<br \/>\n<\/strong><\/td>\n<td><strong>+ de 5 dies<br \/>\n<\/strong><\/td>\n<\/tr>\n<tr>\n<td><strong>Neopr\u00e8*<\/strong><\/td>\n<td>7 \u20ac<\/td>\n<td>4 \u20ac<\/td>\n<td>4 \u20ac<\/td>\n<\/tr>\n<tr>\n<td><strong>Jaqueta impermeable*<\/strong><\/td>\n<td>4 \u20ac<\/td>\n<td>3 \u20ac<\/td>\n<td>2 \u20ac<\/td>\n<\/tr>\n<tr>\n<td><strong>Bossa estanca<\/strong><\/td>\n<td>2 \u20ac<\/td>\n<td>2 \u20ac<\/td>\n<td>2 \u20ac<\/td>\n<\/tr>\n<tr>\n<td><strong>Baca universal*<\/strong><\/td>\n<td>10 \u20ac<\/td>\n<td>8 \u20ac<\/td>\n<td>7 \u20ac<\/td>\n<\/tr>\n<\/tbody>\n<tfoot><\/tfoot>\n<\/table>\n<p><span class=\"nota_footer\">*Cal reserva pr\u00e8via per llogar aquest material. Material no disponible a les platges.<\/span><\/p>\n<p>[\/et_pb_text][\/et_pb_column][et_pb_column type=&#8221;1_3&#8243;][\/et_pb_column][\/et_pb_row][\/et_pb_section][et_pb_section bb_built=&#8221;1&#8243; fullwidth=&#8221;off&#8221; specialty=&#8221;off&#8221; transparent_background=&#8221;off&#8221; background_color=&#8221;#fffcdb&#8221; allow_player_pause=&#8221;off&#8221; inner_shadow=&#8221;off&#8221; parallax=&#8221;off&#8221; parallax_method=&#8221;off&#8221; padding_mobile=&#8221;off&#8221; make_fullwidth=&#8221;off&#8221; use_custom_width=&#8221;off&#8221; width_unit=&#8221;on&#8221; make_equal=&#8221;off&#8221; use_custom_gutter=&#8221;off&#8221; module_class=&#8221;box_ficha&#8221; prev_background_color=&#8221;#ffffff&#8221; custom_padding_tablet=&#8221;50px|0|50px|0&#8243; custom_padding_last_edited=&#8221;on|desktop&#8221;][et_pb_row][et_pb_column type=&#8221;3_4&#8243;][et_pb_accordion use_border_color=&#8221;off&#8221; border_color=&#8221;#ffffff&#8221; border_style=&#8221;solid&#8221;][et_pb_accordion_item title=&#8221;Horari lloguer&#8221;]<strong>De juny a finals de setembre. Obert di\u00e0riament de 10 h. a 19 h.<\/strong><br \/>\n<strong>Contacte platges (tel\u00e8fons nom\u00e9s operatius durant la temporada d&#8217;estiu)<\/strong><\/p>\n<ul>\n<li><strong>638 952 529. CASTELL<\/strong><strong><br \/>\n<\/strong><\/li>\n<li><strong>669 160 395. TAMARIU<\/strong><\/li>\n<li><strong>620 477 558. MONTG\u00d3<\/strong><\/li>\n<li><strong>646 901 588. PORTLLIGAT<\/strong><\/li>\n<\/ul>\n<p><strong>Important!<\/strong><\/p>\n<ul>\n<li>A principi i a final de temporada recomanem trucar a l&#8217;oficina (972 773 806) per garantir el correcte funcionament del nostre horari.<\/li>\n<li>El nostre servei de lloguer es pot veure afectat pel canvi de les condicions meteorol\u00f2giques i\/o l&#8217;estat del mar. Per aquest motiu Kayaking Costa Brava es pot veure obligada a cancel\u00b7lar les reserves i a tancar la base de lloguer. En aquest cas s&#8217;informar\u00e0 als clients amb reserva pr\u00e8via i es penjar\u00e0 un r\u00e8tol informatiu a la base.<\/li>\n<\/ul>\n<p>Fora temporada, el servei de lloguer de caiacs queda limitat als caiacs de travessia. Per llogar durant aquest per\u00edode \u00e9s imprescindible trucar amb antelaci\u00f3 a l&#8217;oficina. L&#8217;entrega de caiacs es realitza en el nostre magatzem de <a href=\"https:\/\/goo.gl\/maps\/D5Rd4YhEu2H2\" target=\"_blank\" rel=\"noopener\">Torroella de Fluvi\u00e0<\/a> (Girona).<\/p>\n<p>[\/et_pb_accordion_item][et_pb_accordion_item title=&#8221;Material recomanat&#8221;]<\/p>\n<ul>\n<li>Banyador.<\/li>\n<li>Samarreta.<\/li>\n<li>Gorra, crema solar i ulleres de sol (amb sistema de subjecci\u00f3).<\/li>\n<li>Beguda per hidratar-se.<\/li>\n<li>Cal\u00e7at adient per activitats aqu\u00e0tiques (lligades al peu).<\/li>\n<\/ul>\n<p>[\/et_pb_accordion_item][et_pb_accordion_item title=&#8221;Condicions i requisits servei de lloguer&#8221;]<\/p>\n<ul>\n<li>Saber nedar.<\/li>\n<li>Els menors d&#8217;edat hauran de d&#8217;estar acompanyats per una persona responsable.<\/li>\n<li>Complir amb les normes d&#8217;\u00fas i seguretat del servei, seguint les instruccions donades pel personal de lloguer, sobretot pel que fa refer\u00e8ncia a la utilitzaci\u00f3 en tot moment de l&#8217;armilla salvavides, del nombre de places adient per cada tipus de caiac i a la informaci\u00f3 sobre la meteorol\u00f2gica o estat del mar.<\/li>\n<li>Informar pr\u00e8viament al centre en cas de patir alguna discapacitat o patologia important.<\/li>\n<li>Cal respectar l&#8217;horari pactat de sortida i arribada del lloguer.<\/li>\n<li>Pot ser motiu de p\u00e8rdua de la reserva presentar-se al responsable de la base <strong>despr\u00e9s <\/strong>de l&#8217;hora pactada.<\/li>\n<\/ul>\n<p><em>KAYAKING COSTA BRAVA no es fa responsable de les possibles conseq\u00fc\u00e8ncies a causa de l&#8217;incompliment, per part del client, d&#8217;aquestes condicions<\/em>.<\/p>\n<p>Els nostres serveis inclouen Asseguran\u00e7a de Responsabilitat Civil i Asseguran\u00e7a d&#8217;Accidents. L&#8217;asseguran\u00e7a de Responsabilitat Civil P\u00f2lissa N\u00ba1200050146, asseguran\u00e7a d&#8217;Accidents P\u00f2lissa N\u00ba1300000361, contractades amb la companyia asseguradora Berkley. L&#8217;asseguran\u00e7a d&#8217;Accidents no cobreix a partir de 65 anys. EL servei de lloguer de material (sense guia) no inclou la cobertura de l&#8217;asseguran\u00e7a d&#8217;Assist\u00e8ncia. La informaci\u00f3 completa sobre les condicions i cobertures de les assegurances est\u00e0 a disposici\u00f3 dels clients i s&#8217;enviar\u00e0 a qui la demani.<\/p>\n<p>Es recomana no portar objectes de valor a les platges (tant en el servei de lloguer com d&#8217;excursions guiades). Kayaking Costa Brava no disposa d&#8217;una estructura adient per la custodia del material personal, per aquest motiu no es fa responsable de possibles p\u00e8rdues o danys en el material personal custodiat.<\/p>\n<p>[\/et_pb_accordion_item][et_pb_accordion_item title=&#8221;Especificacions del material&#8221;]<\/p>\n<table class=\"table_interior\" border=\"0\" width=\"100%\">\n<tbody>\n<tr class=\"title_table\">\n<td><\/td>\n<td><strong>Auto-buidable Individual<\/strong><\/td>\n<td>buidable Doble<\/td>\n<td><strong>Auto-buidable Familiar<\/strong><\/td>\n<\/tr>\n<tr>\n<td><strong>Marca<\/strong><\/td>\n<td>Mainstream<\/td>\n<td>Feelfree<\/td>\n<td>Rotomod<\/td>\n<\/tr>\n<tr>\n<td><strong>Model<\/strong><\/td>\n<td>Pescador 12<\/td>\n<td>\n<div>Gemini<\/div>\n<\/td>\n<td>Ocean Quatro<\/td>\n<\/tr>\n<tr>\n<td><strong>Llargada<\/strong><\/td>\n<td>373 cm.<\/td>\n<td>\n<div>378 cm.<\/div>\n<\/td>\n<td>412 cm.<\/td>\n<\/tr>\n<tr>\n<td><strong>Amplada<\/strong><\/td>\n<td>76,2 cm.<\/td>\n<td>83 cm.<\/td>\n<td>88 cm.<\/td>\n<\/tr>\n<tr>\n<td><strong>Pes<\/strong><\/td>\n<td>27 Kg.<\/td>\n<td>31 Kg.<\/td>\n<td>34 Kg.<\/td>\n<\/tr>\n<tr>\n<td><strong>Accessoris<\/strong><\/td>\n<td>Seient complert<\/td>\n<td>Respatller<\/td>\n<td>Respatller<\/td>\n<\/tr>\n<tr>\n<td><\/td>\n<td><\/td>\n<td><\/td>\n<td><\/td>\n<\/tr>\n<\/tbody>\n<\/table>\n<p><strong>RELACI\u00d3 MODELS CAIACS SIT ON TOP (OBERTS)<\/strong><\/p>\n<ul>\n<li><a href=\"http:\/\/www.perceptionkayaks.com\/us\/products\/pescador-120\">PESCADOR 120<\/a><\/li>\n<li><a href=\"http:\/\/www.feelfreekayak.com\/products\/gemini\/\">GEMINI (FEELFREE)<\/a><\/li>\n<li><a href=\"http:\/\/rotomod.es\/kayaks.html\">OCEAN QUATTRO (ROTOMOD)<\/a><\/li>\n<\/ul>\n<p><strong>RELACI\u00d3 MODELS INDIVIDUALS CAIACS DE TRAVESSIA (TANCATS)<br \/>\n<\/strong><\/p>\n<ul>\n<li><a href=\"http:\/\/www.rainbowkayaks.com\/it\/kayak-da-mare\/9-oasis-425.html\">OASIS EXPEDITION 425 (RAINBOW)<\/a><\/li>\n<li><a href=\"http:\/\/www.rainbowkayaks.com\/it\/kayak-da-mare\/16-freccia.html\">FRECCIA EXPEDITION (RAINBOW)<\/a><\/li>\n<li><a href=\"http:\/\/kayaks.gearsuite.com\/l\/437\/Venture-Easky-13\">EASKY 13 (VENTURE KAYAKS)<\/a><\/li>\n<li><a href=\"http:\/\/www.venturekayaks.com\/kayaks.php?kayak=Easky%2015\">EASKY 15 (VENTURE KAYAKS)<\/a><\/li>\n<li><a href=\"http:\/\/www.venturekayaks.com\/kayaks.php?kayak=Easky%2015LV\">EASKY 15 LV (VENTURE KAYAKS)<\/a><\/li>\n<li><a href=\"http:\/\/www.topkayak.com\/tienda_kayak\/detall_art.php?id_article=115\">EASKY 17 (VENTURE KAYAKS)<\/a><\/li>\n<li><a href=\"http:\/\/www.venturekayaks.com\/kayaks.php?kayak=Capella%20166\">CAPELLA 166 (VENTURE KAYAKS)<\/a><\/li>\n<li><a href=\"http:\/\/www.venturekayaks.com\/kayaks.php?kayak=Capella%20160\">CAPELLA 160 (VENTURE KAYAKS)<\/a><\/li>\n<li><a href=\"http:\/\/www.valleyseakayaks.com\/our-kayaks\/polyethylene-models\/etain\">ETAIN 17.7 \/ 17.5 (VALLEY SEA KAYAKS)<\/a><\/li>\n<li><a href=\"http:\/\/www.rainbowkayaks.com\/it\/kayak-da-mare\/22-atlantis.html\">ATLANTIS EXPEDITION (RAINBOW)<\/a><\/li>\n<li><a href=\"http:\/\/www.rainbowkayaks.com\/it\/kayak-da-mare\/24-oasis-twin-expedition.html\">TWIN EXPEDITION (RAINBOW)<\/a><\/li>\n<\/ul>\n<p>[\/et_pb_accordion_item][\/et_pb_accordion][\/et_pb_column][et_pb_column type=&#8221;1_4&#8243;][et_pb_text background_layout=&#8221;light&#8221; text_orientation=&#8221;left&#8221; use_border_color=&#8221;off&#8221; border_color=&#8221;#ffffff&#8221; border_style=&#8221;solid&#8221; background_position=&#8221;top_left&#8221; background_repeat=&#8221;repeat&#8221; background_size=&#8221;initial&#8221;]<\/p>\n<h6>Les nostres bases:<\/h6>\n<p>[\/et_pb_text][et_pb_map address=&#8221;Palam\u00f3s, Girona, Espanya&#8221; zoom_level=&#8221;9&#8243; address_lat=&#8221;42.11389061631068&#8243; address_lng=&#8221;3.281810797805047&#8243; mouse_wheel=&#8221;on&#8221; use_grayscale_filter=&#8221;off&#8221; child_filter_saturate=&#8221;100%&#8221;][et_pb_map_pin title=&#8221;Castell (Palam\u00f3s)&#8221; pin_address=&#8221;Cala del Contenido Castell, 17230 Palam\u00f3s, Girona, Espanya&#8221; pin_address_lat=&#8221;41.86241735515947&#8243; pin_address_lng=&#8221;3.157859876860016&#8243;]Tel.:\u00a0<a href=\"tel:+34638952529\">638.952.529<\/a>[\/et_pb_map_pin][et_pb_map_pin title=&#8221;Tamariu (Palafrugell)&#8221; pin_address=&#8221;Passeig del Mar, 8, 17212 Tamariu, Girona, Espanya&#8221; pin_address_lat=&#8221;41.9180016&#8243; pin_address_lng=&#8221;3.2078742999999577&#8243;]Tel.:\u00a0<a href=\"tel:+34669160395\">669.160.395<\/a>[\/et_pb_map_pin][et_pb_map_pin title=&#8221;Montg\u00f3 (L&#8217;Escala)&#8221; pin_address=&#8221;Passeig Platja, 10, 17130 Torroella de Montgr\u00ed, Girona, Espanya&#8221; pin_address_lat=&#8221;42.10783605526109&#8243; pin_address_lng=&#8221;3.168911672460922&#8243;]Tel.:\u00a0<a href=\"tel:+34620477558\">620.477.558<\/a>[\/et_pb_map_pin][et_pb_map_pin title=&#8221;Portlligat (Cadaqu\u00e9s)&#8221; pin_address=&#8221;Avinguda Paratge S&#8217;Alqueria, 29, 17488 Cadaqu\u00e9s, Girona, Espanya&#8221; pin_address_lat=&#8221;42.29443678455037&#8243; pin_address_lng=&#8221;3.2874920747299257&#8243;]Tel.:\u00a0<a href=\"tel:+34646901588\">646.901.588<\/a>[\/et_pb_map_pin][\/et_pb_map][et_pb_image admin_label=&#8221;Ubicaci\u00f3 Castell&#8221; src=&#8221;https:\/\/www.kayakingcostabrava.com\/wp-content\/uploads\/2018\/07\/Castell.jpg&#8221; alt=&#8221;Ubicaci\u00f3 base platja de Castell&#8221; title_text=&#8221;Ubicaci\u00f3 base platja de Castell&#8221; show_in_lightbox=&#8221;off&#8221; url=&#8221;https:\/\/www.google.com\/maps\/place\/Kayaking+Costa+Brava+Castell\/@41.8624192,3.1556673,17z\/data=!3m1!4b1!4m5!3m4!1s0x12bbab38a0ad2d31:0xbd3b405634ae333c!8m2!3d41.8624152!4d3.157856&#8243; url_new_window=&#8221;on&#8221; use_overlay=&#8221;off&#8221; animation=&#8221;left&#8221; sticky=&#8221;off&#8221; align=&#8221;left&#8221; force_fullwidth=&#8221;off&#8221; always_center_on_mobile=&#8221;on&#8221; use_border_color=&#8221;off&#8221; border_color=&#8221;#ffffff&#8221; border_style=&#8221;solid&#8221; animation_style=&#8221;slide&#8221; animation_duration=&#8221;500ms&#8221; animation_intensity_slide=&#8221;10%&#8221; animation_direction=&#8221;left&#8221; show_bottom_space=&#8221;on&#8221;]<\/p>\n<p>&nbsp;<\/p>\n<p>[\/et_pb_image][et_pb_text admin_label=&#8221;Castell telf&#8221; background_layout=&#8221;light&#8221; text_orientation=&#8221;center&#8221; use_border_color=&#8221;off&#8221; border_color=&#8221;#ffffff&#8221; border_style=&#8221;solid&#8221; background_position=&#8221;top_left&#8221; background_repeat=&#8221;repeat&#8221; background_size=&#8221;initial&#8221; module_alignment=&#8221;center&#8221;]<\/p>\n<p>Tel.:\u00a0<a href=\"tel:+34638952529\">638.952.529<\/a><\/p>\n<p>[\/et_pb_text][et_pb_image admin_label=&#8221;Ubicaci\u00f3 Tamariu&#8221; src=&#8221;https:\/\/www.kayakingcostabrava.com\/wp-content\/uploads\/2018\/07\/Tamariu.jpg&#8221; alt=&#8221;Ubicaci\u00f3 base de Tamariu&#8221; title_text=&#8221;Ubicaci\u00f3 base de Tamariu&#8221; show_in_lightbox=&#8221;off&#8221; url=&#8221;https:\/\/www.google.com\/maps\/place\/Kayaking+Costa+Brava+Tamariu\/@41.9180056,3.2056856,17z\/data=!3m1!4b1!4m5!3m4!1s0x12ba53a89e0659ed:0xebc6d4da83786ed5!8m2!3d41.9180016!4d3.2078743&#8243; url_new_window=&#8221;on&#8221; use_overlay=&#8221;off&#8221; animation=&#8221;left&#8221; sticky=&#8221;off&#8221; align=&#8221;left&#8221; force_fullwidth=&#8221;off&#8221; always_center_on_mobile=&#8221;on&#8221; use_border_color=&#8221;off&#8221; border_color=&#8221;#ffffff&#8221; border_style=&#8221;solid&#8221; animation_style=&#8221;slide&#8221; animation_duration=&#8221;500ms&#8221; animation_intensity_slide=&#8221;10%&#8221; animation_direction=&#8221;left&#8221; show_bottom_space=&#8221;on&#8221;]<\/p>\n<p>&nbsp;<\/p>\n<p>[\/et_pb_image][et_pb_text admin_label=&#8221;Tamariu telf&#8221; background_layout=&#8221;light&#8221; text_orientation=&#8221;center&#8221; use_border_color=&#8221;off&#8221; border_color=&#8221;#ffffff&#8221; border_style=&#8221;solid&#8221; background_position=&#8221;top_left&#8221; background_repeat=&#8221;repeat&#8221; background_size=&#8221;initial&#8221; module_alignment=&#8221;center&#8221;]<\/p>\n<p>Tel.:\u00a0<a href=\"tel:+34669160395\">669.160.395<\/a><\/p>\n<p>[\/et_pb_text][et_pb_image admin_label=&#8221;Ubicaci\u00f3 Montg\u00f3&#8221; src=&#8221;https:\/\/www.kayakingcostabrava.com\/wp-content\/uploads\/2018\/07\/Montg\u00f3.jpg&#8221; alt=&#8221;Ubicaci\u00f3 base de Montg\u00f3&#8221; title_text=&#8221;Ubicaci\u00f3 base de Montg\u00f3&#8221; show_in_lightbox=&#8221;off&#8221; url=&#8221;https:\/\/www.google.com\/maps\/place\/Kayaking+Costa+Brava+Cala+Montg%C3%B3\/@42.1083474,3.1673238,18z\/data=!4m8!1m2!2m1!1sKayaking+Costa+Brava+Montg%C3%B3!3m4!1s0x0:0x44a1fced1ee92614!8m2!3d42.1073612!4d3.1689059&#8243; url_new_window=&#8221;on&#8221; use_overlay=&#8221;off&#8221; animation=&#8221;left&#8221; sticky=&#8221;off&#8221; align=&#8221;left&#8221; force_fullwidth=&#8221;off&#8221; always_center_on_mobile=&#8221;on&#8221; use_border_color=&#8221;off&#8221; border_color=&#8221;#ffffff&#8221; border_style=&#8221;solid&#8221; animation_style=&#8221;slide&#8221; animation_duration=&#8221;500ms&#8221; animation_intensity_slide=&#8221;10%&#8221; animation_direction=&#8221;left&#8221; show_bottom_space=&#8221;on&#8221;]<\/p>\n<p>&nbsp;<\/p>\n<p>[\/et_pb_image][et_pb_text admin_label=&#8221;Montg\u00f3 telf&#8221; background_layout=&#8221;light&#8221; text_orientation=&#8221;center&#8221; use_border_color=&#8221;off&#8221; border_color=&#8221;#ffffff&#8221; border_style=&#8221;solid&#8221; background_position=&#8221;top_left&#8221; background_repeat=&#8221;repeat&#8221; background_size=&#8221;initial&#8221; module_alignment=&#8221;center&#8221;]<\/p>\n<p>Tel.:\u00a0<a href=\"tel:+34620477558\">620.477.558<\/a><\/p>\n<p>[\/et_pb_text][et_pb_image admin_label=&#8221;Ubicaci\u00f3 base de Portlligat&#8221; src=&#8221;https:\/\/www.kayakingcostabrava.com\/wp-content\/uploads\/2018\/07\/Portlligat.jpg&#8221; alt=&#8221;Ubicaci\u00f3 base de Portlligat&#8221; title_text=&#8221;Ubicaci\u00f3 base de Portlligat&#8221; show_in_lightbox=&#8221;off&#8221; url=&#8221;https:\/\/www.google.com\/maps\/place\/Kayaking+Costa+Brava+Portlligat\/@42.2095432,3.1399317,12z\/data=!4m8!1m2!2m1!1sKayaking+Costa+Brava+Portlligat!3m4!1s0x12ba6f10924d2723:0xab439d98149a4d8a!8m2!3d42.2944367!4d3.2874934&#8243; url_new_window=&#8221;on&#8221; use_overlay=&#8221;off&#8221; animation=&#8221;left&#8221; sticky=&#8221;off&#8221; align=&#8221;left&#8221; force_fullwidth=&#8221;off&#8221; always_center_on_mobile=&#8221;on&#8221; use_border_color=&#8221;off&#8221; border_color=&#8221;#ffffff&#8221; border_style=&#8221;solid&#8221; animation_style=&#8221;slide&#8221; animation_duration=&#8221;500ms&#8221; animation_intensity_slide=&#8221;10%&#8221; animation_direction=&#8221;left&#8221; show_bottom_space=&#8221;on&#8221;]<\/p>\n<p>&nbsp;<\/p>\n<p>[\/et_pb_image][et_pb_text admin_label=&#8221;Portlligat telf&#8221; background_layout=&#8221;light&#8221; text_orientation=&#8221;center&#8221; use_border_color=&#8221;off&#8221; border_color=&#8221;#ffffff&#8221; border_style=&#8221;solid&#8221; background_position=&#8221;top_left&#8221; background_repeat=&#8221;repeat&#8221; background_size=&#8221;initial&#8221; module_alignment=&#8221;center&#8221;]<\/p>\n<p>Tel.:\u00a0<a href=\"tel:+34646901588\">646.901.588<\/a><\/p>\n<p>[\/et_pb_text][et_pb_image src=&#8221;https:\/\/www.kayakingcostabrava.com\/wp-content\/uploads\/2016\/03\/Mapa_mini.jpg&#8221; show_in_lightbox=&#8221;off&#8221; url=&#8221;https:\/\/es.wikiloc.com\/wikiloc\/user.do?id=1541100&#8243; url_new_window=&#8221;on&#8221; use_overlay=&#8221;off&#8221; animation=&#8221;off&#8221; sticky=&#8221;off&#8221; align=&#8221;center&#8221; force_fullwidth=&#8221;off&#8221; always_center_on_mobile=&#8221;on&#8221; use_border_color=&#8221;off&#8221; border_color=&#8221;#ffffff&#8221; border_style=&#8221;solid&#8221; animation_style=&#8221;none&#8221; animation_duration=&#8221;1000ms&#8221; animation_intensity_slide=&#8221;50%&#8221; show_bottom_space=&#8221;on&#8221;]<\/p>\n<p>&nbsp;<\/p>\n<p>[\/et_pb_image][et_pb_text admin_label=&#8221;enlla\u00e7os d&#8217;inter\u00e8s&#8221; background_layout=&#8221;light&#8221; text_orientation=&#8221;left&#8221; use_border_color=&#8221;off&#8221; border_color=&#8221;#ffffff&#8221; border_style=&#8221;solid&#8221; module_class=&#8221;sidebar_links&#8221; background_position=&#8221;top_left&#8221; background_repeat=&#8221;repeat&#8221; background_size=&#8221;initial&#8221;]<\/p>\n<p style=\"text-align: center;\"><a href='https:\/\/es.wikiloc.com\/wikiloc\/user.do?id=1541100' class='small-button smallblue' target=\"_blank\">Tracks Wikiloc<\/a><\/p>\n<ul>\n<li><strong><a href=\"\/kayaks?page_id=3561\">Preguntes freq\u00fcents<\/a><\/strong><\/li>\n<li><strong><a href=\"\/kayaks?page_id=131\">Enlla\u00e7os d&#8217;inter\u00e8s<\/a><\/strong><\/li>\n<\/ul>\n<p>[\/et_pb_text][et_pb_text admin_label=&#8221;Opinion Trip advisor&#8221; background_layout=&#8221;light&#8221; text_orientation=&#8221;left&#8221; use_border_color=&#8221;off&#8221; border_color=&#8221;#ffffff&#8221; border_style=&#8221;solid&#8221; background_position=&#8221;top_left&#8221; background_repeat=&#8221;repeat&#8221; background_size=&#8221;initial&#8221;]<\/p>\n<div id=\"TA_cdswritereviewlg711\" class=\"TA_cdswritereviewlg\">\n<ul id=\"8tOfs48w\" class=\"TA_links Y9bpX0T\">\n<li id=\"1HfJIEq\" class=\"Z7DfA6hDPt\"><a href=\"https:\/\/www.tripadvisor.es\/\" target=\"_blank\" rel=\"noopener\"><img decoding=\"async\" src=\"https:\/\/www.tripadvisor.es\/img\/cdsi\/img2\/branding\/medium-logo-12097-2.png\" alt=\"TripAdvisor\" \/><\/a><\/li>\n<\/ul>\n<\/div>\n<p><script src=\"https:\/\/www.jscache.com\/wejs?wtype=cdswritereviewlg&amp;uniq=711&amp;locationId=3467707&amp;lang=es&amp;lang=es&amp;display_version=2\"><\/script><\/p>\n<p>[\/et_pb_text][\/et_pb_column][\/et_pb_row][\/et_pb_section]<\/p>\n","protected":false},"excerpt":{"rendered":"<p>&nbsp; <div class=\"et_pb_row et_pb_row_0 et_pb_row_empty\">\n\t\t\t\t\n\t\t\t\t\n\t\t\t\t\n\t\t\t\t\n\t\t\t\t\n\t\t\t<\/div> Recomenacions Durant els mesos d&#8217;estiu hi ha instal\u00b7lat un servei diari de lloguer de caiacs des de les platges de Portlligat, Cala Montg\u00f3, Tamariu i platja de Castell. Per aquest servei no \u00e9s imprescindible reserva pr\u00e8via, tot i que \u00e9s recomanable* en els seg\u00fcents casos: temporada alta (juliol\/agost) caps de setmana (tota la [&hellip;]<\/p>\n","protected":false},"author":3,"featured_media":0,"parent":4089,"menu_order":0,"comment_status":"closed","ping_status":"closed","template":"","meta":{"_et_pb_use_builder":"on","_et_pb_old_content":"","_et_gb_content_width":"","inline_featured_image":false,"footnotes":""},"class_list":["post-4115","page","type-page","status-publish","hentry"],"yoast_head":"<!-- This site is optimized with the Yoast SEO plugin v27.1.1 - https:\/\/yoast.com\/product\/yoast-seo-wordpress\/ -->\n<title>Kayak Rental - Kayaking Costa Brava<\/title>\n<meta name=\"robots\" content=\"index, follow, max-snippet:-1, max-image-preview:large, max-video-preview:-1\" \/>\n<link rel=\"canonical\" href=\"https:\/\/kayakingcostabrava.com\/en\/activities\/kayak-rental\/\" \/>\n<meta property=\"og:locale\" content=\"en_US\" \/>\n<meta property=\"og:type\" content=\"article\" \/>\n<meta property=\"og:title\" content=\"Kayak Rental - Kayaking Costa Brava\" \/>\n<meta property=\"og:description\" content=\"&nbsp; Recomenacions Durant els mesos d&#039;estiu hi ha instal\u00b7lat un servei diari de lloguer de caiacs des de les platges de Portlligat, Cala Montg\u00f3, Tamariu i platja de Castell. Per aquest servei no \u00e9s imprescindible reserva pr\u00e8via, tot i que \u00e9s recomanable* en els seg\u00fcents casos: temporada alta (juliol\/agost) caps de setmana (tota la [&hellip;]\" \/>\n<meta property=\"og:url\" content=\"https:\/\/kayakingcostabrava.com\/en\/activities\/kayak-rental\/\" \/>\n<meta property=\"og:site_name\" content=\"Kayaking Costa Brava\" \/>\n<meta property=\"article:publisher\" content=\"https:\/\/www.facebook.com\/kayakingcostabrava\/\" \/>\n<meta property=\"article:modified_time\" content=\"2018-10-01T15:24:37+00:00\" \/>\n<meta property=\"og:image\" content=\"https:\/\/www.tripadvisor.es\/img\/cdsi\/img2\/branding\/medium-logo-12097-2.png\" \/>\n<meta name=\"twitter:card\" content=\"summary_large_image\" \/>\n<meta name=\"twitter:label1\" content=\"Est. reading time\" \/>\n\t<meta name=\"twitter:data1\" content=\"11 minutes\" \/>\n<script type=\"application\/ld+json\" class=\"yoast-schema-graph\">{\"@context\":\"https:\/\/schema.org\",\"@graph\":[{\"@type\":\"WebPage\",\"@id\":\"https:\/\/kayakingcostabrava.com\/en\/activities\/kayak-rental\/\",\"url\":\"https:\/\/kayakingcostabrava.com\/en\/activities\/kayak-rental\/\",\"name\":\"Kayak Rental - Kayaking Costa Brava\",\"isPartOf\":{\"@id\":\"https:\/\/kayakingcostabrava.com\/#website\"},\"primaryImageOfPage\":{\"@id\":\"https:\/\/kayakingcostabrava.com\/en\/activities\/kayak-rental\/#primaryimage\"},\"image\":{\"@id\":\"https:\/\/kayakingcostabrava.com\/en\/activities\/kayak-rental\/#primaryimage\"},\"thumbnailUrl\":\"https:\/\/www.tripadvisor.es\/img\/cdsi\/img2\/branding\/medium-logo-12097-2.png\",\"datePublished\":\"2018-09-26T07:56:04+00:00\",\"dateModified\":\"2018-10-01T15:24:37+00:00\",\"breadcrumb\":{\"@id\":\"https:\/\/kayakingcostabrava.com\/en\/activities\/kayak-rental\/#breadcrumb\"},\"inLanguage\":\"en-US\",\"potentialAction\":[{\"@type\":\"ReadAction\",\"target\":[\"https:\/\/kayakingcostabrava.com\/en\/activities\/kayak-rental\/\"]}]},{\"@type\":\"ImageObject\",\"inLanguage\":\"en-US\",\"@id\":\"https:\/\/kayakingcostabrava.com\/en\/activities\/kayak-rental\/#primaryimage\",\"url\":\"https:\/\/www.tripadvisor.es\/img\/cdsi\/img2\/branding\/medium-logo-12097-2.png\",\"contentUrl\":\"https:\/\/www.tripadvisor.es\/img\/cdsi\/img2\/branding\/medium-logo-12097-2.png\"},{\"@type\":\"BreadcrumbList\",\"@id\":\"https:\/\/kayakingcostabrava.com\/en\/activities\/kayak-rental\/#breadcrumb\",\"itemListElement\":[{\"@type\":\"ListItem\",\"position\":1,\"name\":\"Inici\",\"item\":\"https:\/\/kayakingcostabrava.com\/en\/\"},{\"@type\":\"ListItem\",\"position\":2,\"name\":\"Activities\",\"item\":\"https:\/\/kayakingcostabrava.com\/en\/activities\/\"},{\"@type\":\"ListItem\",\"position\":3,\"name\":\"Kayak Rental\"}]},{\"@type\":\"WebSite\",\"@id\":\"https:\/\/kayakingcostabrava.com\/#website\",\"url\":\"https:\/\/kayakingcostabrava.com\/\",\"name\":\"Kayaking Costa Brava\",\"description\":\"Lloguer de caiacs, excursions, cursos, tenda online.\",\"potentialAction\":[{\"@type\":\"SearchAction\",\"target\":{\"@type\":\"EntryPoint\",\"urlTemplate\":\"https:\/\/kayakingcostabrava.com\/?s={search_term_string}\"},\"query-input\":{\"@type\":\"PropertyValueSpecification\",\"valueRequired\":true,\"valueName\":\"search_term_string\"}}],\"inLanguage\":\"en-US\"}]}<\/script>\n<!-- \/ Yoast SEO plugin. -->","yoast_head_json":{"title":"Kayak Rental - Kayaking Costa Brava","robots":{"index":"index","follow":"follow","max-snippet":"max-snippet:-1","max-image-preview":"max-image-preview:large","max-video-preview":"max-video-preview:-1"},"canonical":"https:\/\/kayakingcostabrava.com\/en\/activities\/kayak-rental\/","og_locale":"en_US","og_type":"article","og_title":"Kayak Rental - Kayaking Costa Brava","og_description":"&nbsp; Recomenacions Durant els mesos d'estiu hi ha instal\u00b7lat un servei diari de lloguer de caiacs des de les platges de Portlligat, Cala Montg\u00f3, Tamariu i platja de Castell. Per aquest servei no \u00e9s imprescindible reserva pr\u00e8via, tot i que \u00e9s recomanable* en els seg\u00fcents casos: temporada alta (juliol\/agost) caps de setmana (tota la [&hellip;]","og_url":"https:\/\/kayakingcostabrava.com\/en\/activities\/kayak-rental\/","og_site_name":"Kayaking Costa Brava","article_publisher":"https:\/\/www.facebook.com\/kayakingcostabrava\/","article_modified_time":"2018-10-01T15:24:37+00:00","og_image":[{"url":"https:\/\/www.tripadvisor.es\/img\/cdsi\/img2\/branding\/medium-logo-12097-2.png","type":"","width":"","height":""}],"twitter_card":"summary_large_image","twitter_misc":{"Est. reading time":"11 minutes"},"schema":{"@context":"https:\/\/schema.org","@graph":[{"@type":"WebPage","@id":"https:\/\/kayakingcostabrava.com\/en\/activities\/kayak-rental\/","url":"https:\/\/kayakingcostabrava.com\/en\/activities\/kayak-rental\/","name":"Kayak Rental - Kayaking Costa Brava","isPartOf":{"@id":"https:\/\/kayakingcostabrava.com\/#website"},"primaryImageOfPage":{"@id":"https:\/\/kayakingcostabrava.com\/en\/activities\/kayak-rental\/#primaryimage"},"image":{"@id":"https:\/\/kayakingcostabrava.com\/en\/activities\/kayak-rental\/#primaryimage"},"thumbnailUrl":"https:\/\/www.tripadvisor.es\/img\/cdsi\/img2\/branding\/medium-logo-12097-2.png","datePublished":"2018-09-26T07:56:04+00:00","dateModified":"2018-10-01T15:24:37+00:00","breadcrumb":{"@id":"https:\/\/kayakingcostabrava.com\/en\/activities\/kayak-rental\/#breadcrumb"},"inLanguage":"en-US","potentialAction":[{"@type":"ReadAction","target":["https:\/\/kayakingcostabrava.com\/en\/activities\/kayak-rental\/"]}]},{"@type":"ImageObject","inLanguage":"en-US","@id":"https:\/\/kayakingcostabrava.com\/en\/activities\/kayak-rental\/#primaryimage","url":"https:\/\/www.tripadvisor.es\/img\/cdsi\/img2\/branding\/medium-logo-12097-2.png","contentUrl":"https:\/\/www.tripadvisor.es\/img\/cdsi\/img2\/branding\/medium-logo-12097-2.png"},{"@type":"BreadcrumbList","@id":"https:\/\/kayakingcostabrava.com\/en\/activities\/kayak-rental\/#breadcrumb","itemListElement":[{"@type":"ListItem","position":1,"name":"Inici","item":"https:\/\/kayakingcostabrava.com\/en\/"},{"@type":"ListItem","position":2,"name":"Activities","item":"https:\/\/kayakingcostabrava.com\/en\/activities\/"},{"@type":"ListItem","position":3,"name":"Kayak Rental"}]},{"@type":"WebSite","@id":"https:\/\/kayakingcostabrava.com\/#website","url":"https:\/\/kayakingcostabrava.com\/","name":"Kayaking Costa Brava","description":"Lloguer de caiacs, excursions, cursos, tenda online.","potentialAction":[{"@type":"SearchAction","target":{"@type":"EntryPoint","urlTemplate":"https:\/\/kayakingcostabrava.com\/?s={search_term_string}"},"query-input":{"@type":"PropertyValueSpecification","valueRequired":true,"valueName":"search_term_string"}}],"inLanguage":"en-US"}]}},"_links":{"self":[{"href":"https:\/\/kayakingcostabrava.com\/en\/wp-json\/wp\/v2\/pages\/4115","targetHints":{"allow":["GET"]}}],"collection":[{"href":"https:\/\/kayakingcostabrava.com\/en\/wp-json\/wp\/v2\/pages"}],"about":[{"href":"https:\/\/kayakingcostabrava.com\/en\/wp-json\/wp\/v2\/types\/page"}],"author":[{"embeddable":true,"href":"https:\/\/kayakingcostabrava.com\/en\/wp-json\/wp\/v2\/users\/3"}],"replies":[{"embeddable":true,"href":"https:\/\/kayakingcostabrava.com\/en\/wp-json\/wp\/v2\/comments?post=4115"}],"version-history":[{"count":0,"href":"https:\/\/kayakingcostabrava.com\/en\/wp-json\/wp\/v2\/pages\/4115\/revisions"}],"up":[{"embeddable":true,"href":"https:\/\/kayakingcostabrava.com\/en\/wp-json\/wp\/v2\/pages\/4089"}],"wp:attachment":[{"href":"https:\/\/kayakingcostabrava.com\/en\/wp-json\/wp\/v2\/media?parent=4115"}],"curies":[{"name":"wp","href":"https:\/\/api.w.org\/{rel}","templated":true}]}}